{"id":354,"date":"2019-04-23T16:46:44","date_gmt":"2019-04-23T14:46:44","guid":{"rendered":"http:\/\/vv-vikings.mtv-vechelde.de\/?page_id=354"},"modified":"2019-09-16T19:07:26","modified_gmt":"2019-09-16T17:07:26","slug":"tabellen-1-herren","status":"publish","type":"page","link":"https:\/\/www.vv-vikings.de\/?page_id=354","title":{"rendered":"Tabellen\/Spielpl\u00e4ne"},"content":{"rendered":"\r\n<div id='my-calendar' class='mc-main mcjs listjs gridjs minijs ajaxjs twentytwenty single month my-calendar has-modal is-main-view' >\n<script type=\"application\/ld+json\">\n[{\"@context\":\"https:\/\/schema.org\",\"@type\":\"Event\",\"name\":\"Training Jugend ab 8 Jahre Fortgeschrittene\",\"description\":\"\",\"image\":\"https:\/\/www.vv-vikings.de\/wp-content\/uploads\/2019\/04\/cropped-vvv_helmlogo_01-1.png\",\"url\":\"https:\/\/www.vv-vikings.de\/?page_id=2142&#038;mc_id=8652&#038;rest_route=\/wp\/v2\/pages\/354\",\"startDate\":\"2026-09-02T17:00:00+02:00\",\"endDate\":\"2026-09-02T18:30:00+02:00\",\"duration\":\"PT1H30M\",\"eventAttendanceMode\":\"https:\/\/schema.org\/OfflineEventAttendanceMode\",\"location\":{\"@context\":\"https:\/\/schema.org\",\"@type\":\"Place\",\"name\":\"Sporthalle II an der Berliner Stra\\u00dfe 47, Berliner Stra\\u00dfe, 38159 Vechelde\",\"description\":\"\",\"url\":\"https:\/\/www.vv-vikings.de\/?page_id=354\",\"address\":{\"@type\":\"PostalAddress\",\"streetAddress\":\"\",\"addressLocality\":\"\",\"addressRegion\":\"\",\"postalCode\":\"\",\"addressCountry\":\"\"},\"telephone\":\"n\/a\",\"sameAs\":\"\"}},{\"@context\":\"https:\/\/schema.org\",\"@type\":\"Event\",\"name\":\"Jahreshauptversammlung Volleyball VIPs Vallstedt-Vechelde e.V.\",\"description\":\"\",\"image\":\"https:\/\/www.vv-vikings.de\/wp-content\/uploads\/2019\/04\/cropped-vvv_helmlogo_01-1.png\",\"url\":\"https:\/\/www.vv-vikings.de\/wp-content\/uploads\/2026\/08\/Einladung_JHV_VVV_2026.pdf\",\"startDate\":\"2026-09-03T19:00:00+02:00\",\"endDate\":\"2026-09-03T20:00:00+02:00\",\"duration\":\"PT1H\",\"eventAttendanceMode\":\"https:\/\/schema.org\/OfflineEventAttendanceMode\",\"location\":{\"@context\":\"https:\/\/schema.org\",\"@type\":\"Place\",\"name\":\"Beach-Club, Alvesser Str. 6b, 38159 Vallstedt\",\"description\":\"\",\"url\":\"https:\/\/www.vv-vikings.de\/?page_id=354\",\"address\":{\"@type\":\"PostalAddress\",\"streetAddress\":\"Alvesser Str. 6b\",\"addressLocality\":\"Vallstedt\",\"addressRegion\":\"\",\"postalCode\":\"38159\",\"addressCountry\":\"\"},\"telephone\":\"n\/a\",\"sameAs\":\"\",\"geo\":{\"@type\":\"GeoCoordinates\",\"latitude\":\"52.213978\",\"longitude\":\"10.365598\"}}},{\"@context\":\"https:\/\/schema.org\",\"@type\":\"Event\",\"name\":\"Arbeitseinsatz in Vallstedt\",\"description\":\"Arbeitseinsatz am Freitag 04.09.26 15:30 Uhr. Ziele f\\u00fcr heute sind: 2. Feld abdecken, Sperrm\\u00fcll zusammentragen etc.\",\"image\":\"https:\/\/www.vv-vikings.de\/wp-content\/uploads\/2019\/04\/cropped-vvv_helmlogo_01-1.png\",\"url\":\"https:\/\/www.vv-vikings.de\/?page_id=2142&#038;mc_id=13501&#038;rest_route=\/wp\/v2\/pages\/354\",\"startDate\":\"2026-09-04T15:30:00+02:00\",\"endDate\":\"2026-09-04T20:00:00+02:00\",\"duration\":\"PT4H30M\",\"eventAttendanceMode\":\"https:\/\/schema.org\/OfflineEventAttendanceMode\",\"location\":{\"@context\":\"https:\/\/schema.org\",\"@type\":\"Place\",\"name\":\"Beach-Club, Alvesser Str. 6b, 38159 Vallstedt\",\"description\":\"\",\"url\":\"https:\/\/www.vv-vikings.de\/?page_id=354\",\"address\":{\"@type\":\"PostalAddress\",\"streetAddress\":\"Alvesser Str. 6b\",\"addressLocality\":\"Vallstedt\",\"addressRegion\":\"\",\"postalCode\":\"38159\",\"addressCountry\":\"\"},\"telephone\":\"n\/a\",\"sameAs\":\"\",\"geo\":{\"@type\":\"GeoCoordinates\",\"latitude\":\"52.213978\",\"longitude\":\"10.365598\"}}},{\"@context\":\"https:\/\/schema.org\",\"@type\":\"Event\",\"name\":\"37. Vereinsmeisterschaft im Beachvolleyball der VIKINGS\",\"description\":\"\\u00a0Am 05.09. startet um 10:30 Uhr die 37. Vereinsmeisterschaft im Beachvolleyball der VIKINGS. Hier k\\u00f6nnt ihr spontan unangemeldet mitmachen. Spiele im Losverfahren,\\u00a0 Grillen\\u00a0 in der Mittagspause und Siegerehrung am Schluss.\",\"image\":\"https:\/\/www.vv-vikings.de\/wp-content\/uploads\/2019\/04\/cropped-vvv_helmlogo_01-1.png\",\"url\":\"https:\/\/www.vv-vikings.de\/?page_id=2142&#038;mc_id=13427&#038;rest_route=\/wp\/v2\/pages\/354\",\"startDate\":\"2026-09-05T10:30:00+02:00\",\"endDate\":\"2026-09-05T12:00:00+02:00\",\"duration\":\"PT1H30M\",\"eventAttendanceMode\":\"https:\/\/schema.org\/OfflineEventAttendanceMode\",\"location\":{\"@context\":\"https:\/\/schema.org\",\"@type\":\"Place\",\"name\":\"Beach-Club, Alvesser Str. 6b, 38159 Vallstedt\",\"description\":\"\",\"url\":\"https:\/\/www.vv-vikings.de\/?page_id=354\",\"address\":{\"@type\":\"PostalAddress\",\"streetAddress\":\"Alvesser Str. 6b\",\"addressLocality\":\"Vallstedt\",\"addressRegion\":\"\",\"postalCode\":\"38159\",\"addressCountry\":\"\"},\"telephone\":\"n\/a\",\"sameAs\":\"\",\"geo\":{\"@type\":\"GeoCoordinates\",\"latitude\":\"52.213978\",\"longitude\":\"10.365598\"}}},{\"@context\":\"https:\/\/schema.org\",\"@type\":\"Event\",\"name\":\"Training Jugend ab 8 Jahre Fortgeschrittene\",\"description\":\"\",\"image\":\"https:\/\/www.vv-vikings.de\/wp-content\/uploads\/2019\/04\/cropped-vvv_helmlogo_01-1.png\",\"url\":\"https:\/\/www.vv-vikings.de\/?page_id=2142&#038;mc_id=8653&#038;rest_route=\/wp\/v2\/pages\/354\",\"startDate\":\"2026-09-09T17:00:00+02:00\",\"endDate\":\"2026-09-09T18:30:00+02:00\",\"duration\":\"PT1H30M\",\"eventAttendanceMode\":\"https:\/\/schema.org\/OfflineEventAttendanceMode\",\"location\":{\"@context\":\"https:\/\/schema.org\",\"@type\":\"Place\",\"name\":\"Sporthalle II an der Berliner Stra\\u00dfe 47, Berliner Stra\\u00dfe, 38159 Vechelde\",\"description\":\"\",\"url\":\"https:\/\/www.vv-vikings.de\/?page_id=354\",\"address\":{\"@type\":\"PostalAddress\",\"streetAddress\":\"\",\"addressLocality\":\"\",\"addressRegion\":\"\",\"postalCode\":\"\",\"addressCountry\":\"\"},\"telephone\":\"n\/a\",\"sameAs\":\"\"}},{\"@context\":\"https:\/\/schema.org\",\"@type\":\"Event\",\"name\":\"Jahreshauptversammlung der VV Vikings\",\"description\":\"AnschreibenMitgliederversammlung2026\",\"image\":\"https:\/\/www.vv-vikings.de\/wp-content\/uploads\/2019\/04\/cropped-vvv_helmlogo_01-1.png\",\"url\":\"https:\/\/www.vv-vikings.de\/?page_id=2142&#038;mc_id=13416&#038;rest_route=\/wp\/v2\/pages\/354\",\"startDate\":\"2026-09-11T18:00:00+02:00\",\"endDate\":\"2026-09-11T21:00:00+02:00\",\"duration\":\"PT3H\",\"eventAttendanceMode\":\"https:\/\/schema.org\/OfflineEventAttendanceMode\",\"location\":{\"@context\":\"https:\/\/schema.org\",\"@type\":\"Place\",\"name\":\"Beach-Club, Alvesser Str. 6b, 38159 Vallstedt\",\"description\":\"\",\"url\":\"https:\/\/www.vv-vikings.de\/?mc-locations=beach-club-alvesser-str-6b-38159-vallstedt\",\"address\":{\"@type\":\"PostalAddress\",\"streetAddress\":\"Alvesser Str. 6b\",\"addressLocality\":\"Vallstedt\",\"addressRegion\":\"\",\"postalCode\":\"38159\",\"addressCountry\":\"\"},\"telephone\":\"n\/a\",\"sameAs\":\"\",\"geo\":{\"@type\":\"GeoCoordinates\",\"latitude\":\"52.213978\",\"longitude\":\"10.365598\"}}},{\"@context\":\"https:\/\/schema.org\",\"@type\":\"Event\",\"name\":\"Vereinshelden-Sommerfest des MTV Vechelde\",\"description\":\"Liebe Vorstandsmitglieder, liebe Abteilungsleiterinnen und Abteilungsleiter, liebe \\u00dcbungsleiterinnen und \\u00dcbungsleiter, als Dankesch\\u00f6n f\\u00fcr euren Einsatz und euer Engagement m\\u00f6chten wir euch herzlich zu unserem Vereinshelden-Sommerfest einladen! \\ud83d\\udcc5\\u00a0Datum: Samstag, 12.09.2026 \\ud83d\\udd55\\u00a0Uhrzeit: ab 17:00 Uhr \\ud83d\\udccd\\u00a0 \\u00a0Ort: Vereinsheim (Am Sch\\u00fctzenplatz 5, 38159 Vechelde Freut euch auf einen gem\\u00fctlichen Abend mit netten Gespr\\u00e4chen, leckerem Essen und der Gelegenheit,&hellip;\",\"image\":\"https:\/\/www.vv-vikings.de\/wp-content\/uploads\/2019\/04\/cropped-vvv_helmlogo_01-1.png\",\"url\":\"https:\/\/www.vv-vikings.de\/?page_id=2142&#038;mc_id=13420&#038;rest_route=\/wp\/v2\/pages\/354\",\"startDate\":\"2026-09-12T17:00:00+02:00\",\"endDate\":\"2026-09-12T18:00:00+02:00\",\"duration\":\"PT1H\",\"eventAttendanceMode\":\"https:\/\/schema.org\/OfflineEventAttendanceMode\",\"location\":{\"@context\":\"https:\/\/schema.org\",\"@type\":\"Place\",\"name\":\"Vereinsheim MTV Vechelde, Am Sch\\u00fctzenplatz 5, 38159 Vechelde\",\"description\":\"\",\"url\":\"https:\/\/www.vv-vikings.de\/?mc-locations=vereinsheim-mtv-vechelde-am-schuetzenplatz-5-38159-vechelde\",\"address\":{\"@type\":\"PostalAddress\",\"streetAddress\":\"Am Sch\\u00fctzenplatz 5\",\"addressLocality\":\"Vechelde\",\"addressRegion\":\"\",\"postalCode\":\"38159\",\"addressCountry\":\"\"},\"telephone\":\"n\/a\",\"sameAs\":\"\"}},{\"@context\":\"https:\/\/schema.org\",\"@type\":\"Event\",\"name\":\"\\u00dcbungsleiterschulung Schutz vor sexualisierter Gewalt\",\"description\":\"Liebe \\u00dcbungsleiterinnen, Liebe \\u00dcbungsleiter, wie bereits angek\\u00fcndigt, findet im Rahmen des Beratungsprozesses \\u201eAusgezeichnet\\u201c des Landessportbundes (LSB) die \\u00dcbungsleiterschulung zum Schutz vor sexualisierter Gewalt im Sport statt. Die Schulung ist f\\u00fcr alle \\u00dcbungsleiterinnen und \\u00dcbungsleiter sowie Betreuerinnen und Betreuer, die Kinder und Jugendliche betreuen, verpflichtend. Zum Schutz aller Mitglieder des MTV Vechelde empfehlen wir die Teilnahme&hellip;\",\"image\":\"https:\/\/www.vv-vikings.de\/wp-content\/uploads\/2019\/04\/cropped-vvv_helmlogo_01-1.png\",\"url\":\"https:\/\/www.vv-vikings.de\/?page_id=2142&#038;mc_id=13424&#038;rest_route=\/wp\/v2\/pages\/354\",\"startDate\":\"2026-09-16T18:00:00+02:00\",\"endDate\":\"2026-09-16T21:00:00+02:00\",\"duration\":\"PT3H\",\"eventAttendanceMode\":\"https:\/\/schema.org\/OnlineEventAttendanceMode\",\"location\":{\"@type\":\"VirtualLocation\",\"url\":\"https:\/\/www.vv-vikings.de\/?page_id=2142&#038;mc_id=13424&#038;rest_route=\/wp\/v2\/pages\/354\"}},{\"@context\":\"https:\/\/schema.org\",\"@type\":\"Event\",\"name\":\"MTV Stederdorf III vs. Vallstedt Vechelde Vikings III, 9\/19\/26, ROL BS S\\u00fcd Damen\",\"description\":\"\",\"image\":\"https:\/\/www.vv-vikings.de\/wp-content\/uploads\/2019\/04\/cropped-vvv_helmlogo_01-1.png\",\"url\":\"https:\/\/www.vv-vikings.de\/?page_id=2142&#038;mc_id=13428&#038;rest_route=\/wp\/v2\/pages\/354\",\"startDate\":\"2026-09-19T15:00:00+02:00\",\"endDate\":\"2026-09-19T17:00:00+02:00\",\"duration\":\"PT2H\",\"eventAttendanceMode\":\"https:\/\/schema.org\/OfflineEventAttendanceMode\",\"location\":{\"@context\":\"https:\/\/schema.org\",\"@type\":\"Place\",\"name\":\"Ratsgymnasium, Burgstra\\u00dfe, 31224 Peine\",\"description\":\"\",\"url\":\"https:\/\/www.vv-vikings.de\/?page_id=354\",\"address\":{\"@type\":\"PostalAddress\",\"streetAddress\":\"\",\"addressLocality\":\"\",\"addressRegion\":\"\",\"postalCode\":\"\",\"addressCountry\":\"\"},\"telephone\":\"n\/a\",\"sameAs\":\"\"}},{\"@context\":\"https:\/\/schema.org\",\"@type\":\"Event\",\"name\":\"17. Vechelder Gemeinde-Staffellauf am 20. September 2026\",\"description\":\"Der Gemeinde-Staffellauf ist eine Veranstaltung, die sich zum Ziel gesetzt hat, m\\u00f6glichst viele Einwohner der Gemeinde Vechelde zu einer gemeinschaftsf\\u00f6rdernden sportlichen Aktivit\\u00e4t zu ermuntern. Dabei steht keineswegs eine sportliche H\\u00f6chstleistung, sondern vielmehr die Freude und der Spa\\u00df an einer k\\u00f6rperlichen Bet\\u00e4tigung im Vordergrund. Der Staffellauf f\\u00fchrt durch alle 17 Ortsteile der Gemeinde und soll sie&hellip;\",\"image\":\"https:\/\/www.vv-vikings.de\/wp-content\/uploads\/2019\/04\/cropped-vvv_helmlogo_01-1.png\",\"url\":\"https:\/\/mtv-vechelde.de\/2026\/05\/18\/infos-und-streckenverlauf-fuer-den-gemeinde-staffellauf-2026\",\"startDate\":\"2026-09-20T11:00:00+02:00\",\"endDate\":\"2026-09-20T16:00:00+02:00\",\"duration\":\"PT5H\",\"eventAttendanceMode\":\"https:\/\/schema.org\/OfflineEventAttendanceMode\",\"location\":{\"@context\":\"https:\/\/schema.org\",\"@type\":\"Place\",\"name\":\"\",\"description\":\"\",\"url\":\"https:\/\/www.vv-vikings.de\/?mc-locations=6353\",\"address\":{\"@type\":\"PostalAddress\",\"streetAddress\":\"\",\"addressLocality\":\"\",\"addressRegion\":\"\",\"postalCode\":\"\",\"addressCountry\":\"\"},\"telephone\":\"n\/a\",\"sameAs\":\"\"}},{\"@context\":\"https:\/\/schema.org\",\"@type\":\"Event\",\"name\":\"Einweisung in die Defibrillatoren (AED)\",\"description\":\"Sehr geehrte Damen und Herren, f\\u00fcr folgende Liegenschaften wurden neue Defibrillatoren (AED) beschafft: -Turnsaal Wierthe -Sportst\\u00e4tte am Bahnhof (G\\u00fcterschuppen) -Sporthalle Vallstedt -Sporthalle Bodenstedt &nbsp; Am Dienstag 22.09.2026 findet um 10:00 Uhr eine Online-Einweisung statt. Zugangsdaten zur Teams-Besprechung bitte bei Stefan Saltzmann erfragen! Bitte leiten Sie die Einladung zur Teilnahme an der Online-Einweisung auch an Ihre&hellip;\",\"image\":\"https:\/\/www.vv-vikings.de\/wp-content\/uploads\/2019\/04\/cropped-vvv_helmlogo_01-1.png\",\"url\":\"https:\/\/www.vv-vikings.de\/?page_id=2142&#038;mc_id=13423&#038;rest_route=\/wp\/v2\/pages\/354\",\"startDate\":\"2026-09-22T10:00:00+02:00\",\"endDate\":\"2026-09-22T11:00:00+02:00\",\"duration\":\"PT1H\",\"eventAttendanceMode\":\"https:\/\/schema.org\/OnlineEventAttendanceMode\",\"location\":{\"@type\":\"VirtualLocation\",\"url\":\"https:\/\/www.vv-vikings.de\/?page_id=2142&#038;mc_id=13423&#038;rest_route=\/wp\/v2\/pages\/354\"}},{\"@context\":\"https:\/\/schema.org\",\"@type\":\"Event\",\"name\":\"Training Jugend ab 8 Jahre Fortgeschrittene\",\"description\":\"\",\"image\":\"https:\/\/www.vv-vikings.de\/wp-content\/uploads\/2019\/04\/cropped-vvv_helmlogo_01-1.png\",\"url\":\"https:\/\/www.vv-vikings.de\/?page_id=2142&#038;mc_id=8655&#038;rest_route=\/wp\/v2\/pages\/354\",\"startDate\":\"2026-09-23T17:00:00+02:00\",\"endDate\":\"2026-09-23T18:30:00+02:00\",\"duration\":\"PT1H30M\",\"eventAttendanceMode\":\"https:\/\/schema.org\/OfflineEventAttendanceMode\",\"location\":{\"@context\":\"https:\/\/schema.org\",\"@type\":\"Place\",\"name\":\"Sporthalle II an der Berliner Stra\\u00dfe 47, Berliner Stra\\u00dfe, 38159 Vechelde\",\"description\":\"\",\"url\":\"https:\/\/www.vv-vikings.de\/?page_id=354\",\"address\":{\"@type\":\"PostalAddress\",\"streetAddress\":\"\",\"addressLocality\":\"\",\"addressRegion\":\"\",\"postalCode\":\"\",\"addressCountry\":\"\"},\"telephone\":\"n\/a\",\"sameAs\":\"\"}},{\"@context\":\"https:\/\/schema.org\",\"@type\":\"Event\",\"name\":\"Vallstedt Vechelde Vikings II vs. USC Braunschweig II, 9\/26\/26, LL 7 Damen\",\"description\":\"\",\"image\":\"https:\/\/www.vv-vikings.de\/wp-content\/uploads\/2019\/04\/cropped-vvv_helmlogo_01-1.png\",\"url\":\"https:\/\/www.vv-vikings.de\/?page_id=2142&#038;mc_id=13577&#038;rest_route=\/wp\/v2\/pages\/354\",\"startDate\":\"2026-09-26T17:00:00+02:00\",\"endDate\":\"2026-09-26T19:00:00+02:00\",\"duration\":\"PT2H\",\"eventAttendanceMode\":\"https:\/\/schema.org\/OfflineEventAttendanceMode\",\"location\":{\"@context\":\"https:\/\/schema.org\",\"@type\":\"Place\",\"name\":\"Sporthalle II an der Berliner Stra\\u00dfe 47, Berliner Stra\\u00dfe, 38159 Vechelde\",\"description\":\"\",\"url\":\"https:\/\/www.vv-vikings.de\/?page_id=354\",\"address\":{\"@type\":\"PostalAddress\",\"streetAddress\":\"\",\"addressLocality\":\"\",\"addressRegion\":\"\",\"postalCode\":\"\",\"addressCountry\":\"\"},\"telephone\":\"n\/a\",\"sameAs\":\"\"}},{\"@context\":\"https:\/\/schema.org\",\"@type\":\"Event\",\"name\":\"GfL Hannover II vs. Vallstedt Vechelde Vikings, 9\/27\/26, VL 4 Damen\",\"description\":\"\",\"image\":\"https:\/\/www.vv-vikings.de\/wp-content\/uploads\/2019\/04\/cropped-vvv_helmlogo_01-1.png\",\"url\":\"https:\/\/www.vv-vikings.de\/?page_id=2142&#038;mc_id=13550&#038;rest_route=\/wp\/v2\/pages\/354\",\"startDate\":\"2026-09-27T16:00:00+02:00\",\"endDate\":\"2026-09-27T18:00:00+02:00\",\"duration\":\"PT2H\",\"eventAttendanceMode\":\"https:\/\/schema.org\/OfflineEventAttendanceMode\",\"location\":{\"@context\":\"https:\/\/schema.org\",\"@type\":\"Place\",\"name\":\"Freie Waldorfschule (neue Halle), Rudolf-von-Bennigsen-Ufer 70, 30173 Hannover\",\"description\":\"\",\"url\":\"https:\/\/www.vv-vikings.de\/?page_id=354\",\"address\":{\"@type\":\"PostalAddress\",\"streetAddress\":\"\",\"addressLocality\":\"\",\"addressRegion\":\"\",\"postalCode\":\"\",\"addressCountry\":\"\"},\"telephone\":\"n\/a\",\"sameAs\":\"\"}},{\"@context\":\"https:\/\/schema.org\",\"@type\":\"Event\",\"name\":\"Training Jugend ab 8 Jahre Fortgeschrittene\",\"description\":\"\",\"image\":\"https:\/\/www.vv-vikings.de\/wp-content\/uploads\/2019\/04\/cropped-vvv_helmlogo_01-1.png\",\"url\":\"https:\/\/www.vv-vikings.de\/?page_id=2142&#038;mc_id=8656&#038;rest_route=\/wp\/v2\/pages\/354\",\"startDate\":\"2026-09-30T17:00:00+02:00\",\"endDate\":\"2026-09-30T18:30:00+02:00\",\"duration\":\"PT1H30M\",\"eventAttendanceMode\":\"https:\/\/schema.org\/OfflineEventAttendanceMode\",\"location\":{\"@context\":\"https:\/\/schema.org\",\"@type\":\"Place\",\"name\":\"Sporthalle II an der Berliner Stra\\u00dfe 47, Berliner Stra\\u00dfe, 38159 Vechelde\",\"description\":\"\",\"url\":\"https:\/\/www.vv-vikings.de\/?page_id=354\",\"address\":{\"@type\":\"PostalAddress\",\"streetAddress\":\"\",\"addressLocality\":\"\",\"addressRegion\":\"\",\"postalCode\":\"\",\"addressCountry\":\"\"},\"telephone\":\"n\/a\",\"sameAs\":\"\"}},{\"@context\":\"https:\/\/schema.org\",\"@type\":\"Event\",\"name\":\"Vallstedt Vechelde Vikings vs. Oldenburger TB, 10\/3\/26, RL NW Herren\",\"description\":\"\",\"image\":\"https:\/\/www.vv-vikings.de\/wp-content\/uploads\/2019\/04\/cropped-vvv_helmlogo_01-1.png\",\"url\":\"https:\/\/www.vv-vikings.de\/?page_id=2142&#038;mc_id=13440&#038;rest_route=\/wp\/v2\/pages\/354\",\"startDate\":\"2026-10-03T20:00:00+02:00\",\"endDate\":\"2026-10-03T22:00:00+02:00\",\"duration\":\"PT2H\",\"eventAttendanceMode\":\"https:\/\/schema.org\/OfflineEventAttendanceMode\",\"location\":{\"@context\":\"https:\/\/schema.org\",\"@type\":\"Place\",\"name\":\"Sporthalle II an der Berliner Stra\\u00dfe 47, Berliner Stra\\u00dfe, 38159 Vechelde\",\"description\":\"\",\"url\":\"https:\/\/www.vv-vikings.de\/?page_id=354\",\"address\":{\"@type\":\"PostalAddress\",\"streetAddress\":\"\",\"addressLocality\":\"\",\"addressRegion\":\"\",\"postalCode\":\"\",\"addressCountry\":\"\"},\"telephone\":\"n\/a\",\"sameAs\":\"\"}},{\"@context\":\"https:\/\/schema.org\",\"@type\":\"Event\",\"name\":\"MTV Stederdorf IV vs. Vallstedt Vechelde Vikings IV, 10\/4\/26, BK BS S\\u00fcd Herren\",\"description\":\"\",\"image\":\"https:\/\/www.vv-vikings.de\/wp-content\/uploads\/2019\/04\/cropped-vvv_helmlogo_01-1.png\",\"url\":\"https:\/\/www.vv-vikings.de\/?page_id=2142&#038;mc_id=13512&#038;rest_route=\/wp\/v2\/pages\/354\",\"startDate\":\"2026-10-04T11:00:00+02:00\",\"endDate\":\"2026-10-04T13:00:00+02:00\",\"duration\":\"PT2H\",\"eventAttendanceMode\":\"https:\/\/schema.org\/OfflineEventAttendanceMode\",\"location\":{\"@context\":\"https:\/\/schema.org\",\"@type\":\"Place\",\"name\":\"Luhberghalle, Zum Luhberg, 31228 Stederdorf\",\"description\":\"\",\"url\":\"https:\/\/www.vv-vikings.de\/?page_id=354\",\"address\":{\"@type\":\"PostalAddress\",\"streetAddress\":\"\",\"addressLocality\":\"\",\"addressRegion\":\"\",\"postalCode\":\"\",\"addressCountry\":\"\"},\"telephone\":\"n\/a\",\"sameAs\":\"\"}}]\n<\/script>\n<h2 id=\"mc_head_my-calendar\" class=\"heading my-calendar-month\"><span>Veranstaltungen im September 2026<\/span><\/h2>\n\n<nav class=\"my-calendar-navigation\" aria-label=\"Kalender (oben)\">\n<div class=\"my-calendar-header\"><div class='mc-time'><ul><li><button type='button' id='mc_month-my-calendar' data-href='https:\/\/www.vv-vikings.de\/?page_id=354&#038;cid=my-calendar&#038;rest_route=\/wp\/v2\/pages\/354&#038;time=month' class='mc-navigation-button month mc-active' aria-pressed='true'>Monat<\/button><\/li><li><button type='button' id='mc_week-my-calendar' data-href='https:\/\/www.vv-vikings.de\/?page_id=354&#038;cid=my-calendar&#038;dy=7&#038;month=8&#038;rest_route=\/wp\/v2\/pages\/354&#038;time=week&#038;yr=2026' class='mc-navigation-button week'>Woche<\/button><\/li><li><button type='button' id='mc_day-my-calendar' data-href='https:\/\/www.vv-vikings.de\/?page_id=354&#038;cid=my-calendar&#038;dy=7&#038;rest_route=\/wp\/v2\/pages\/354&#038;time=day' class='mc-navigation-button day'>Tag<\/button><li><\/ul><\/div><div class=\"my-calendar-date-switcher\"><form class=\"mc-date-switcher\" action=\"https:\/\/www.vv-vikings.de?rest_route=\/wp\/v2\/pages\/354\" method=\"get\"><div><input type=\"hidden\" name=\"cid\" value=\"my-calendar\" \/><input type=\"hidden\" name=\"rest_route\" value=\"\/wp\/v2\/pages\/354\" \/> <label class=\"maybe-hide\" for=\"my-calendar-month\">Monat<\/label> <select id=\"my-calendar-month\" name=\"month\">\n<option value='1'>Januar<\/option>\n<option value='2'>Februar<\/option>\n<option value='3'>M\u00e4rz<\/option>\n<option value='4'>April<\/option>\n<option value='5'>Mai<\/option>\n<option value='6'>Juni<\/option>\n<option value='7'>Juli<\/option>\n<option value='8'>August<\/option>\n<option value='9' selected='selected'>September<\/option>\n<option value='10'>Oktober<\/option>\n<option value='11'>November<\/option>\n<option value='12'>Dezember<\/option>\n<\/select>\n <label class=\"maybe-hide\" for=\"my-calendar-year\">Jahr<\/label> <select id=\"my-calendar-year\" name=\"yr\">\n<option value=\"2019\">2019<\/option>\n<option value=\"2020\">2020<\/option>\n<option value=\"2021\">2021<\/option>\n<option value=\"2022\">2022<\/option>\n<option value=\"2023\">2023<\/option>\n<option value=\"2024\">2024<\/option>\n<option value=\"2025\">2025<\/option>\n<option value=\"2026\" selected='selected'>2026<\/option>\n<option value=\"2027\">2027<\/option>\n<option value=\"2028\">2028<\/option>\n<option value=\"2029\">2029<\/option>\n<option value=\"2030\">2030<\/option>\n<\/select> <input type=\"submit\" class=\"mc-button\" id=\"my-calendar-button\" value=\"Anzeigen\" \/><\/div><\/form><\/div>\r\n\t\t<div class=\"my-calendar-nav\">\r\n\t\t\t<ul>\r\n\t\t\t\t<li class=\"my-calendar-prev\"><button type=\"button\" class=\"mc-navigation-button\" id=\"mc_previous_my-calendar\" data-href=\"https:\/\/www.vv-vikings.de\/?page_id=354&#038;cid=my-calendar&#038;dy&#038;month=8&#038;rest_route=\/wp\/v2\/pages\/354&#038;time=month&#038;yr=2026\"><span class=\"mc-icon\" aria-hidden=\"true\"><\/span>Zur\u00fcck<\/button><\/li><li class=\"my-calendar-today\"><button type=\"button\" id=\"mc_today_my-calendar\" data-href=\"https:\/\/www.vv-vikings.de\/?page_id=354&#038;cid=my-calendar&#038;rest_route=\/wp\/v2\/pages\/354\" class=\"mc-navigation-button today mc-active\" aria-current=\"true\"><span class=\"mc-icon\" aria-hidden=\"true\"><\/span>Heute<\/button><\/li><li class=\"my-calendar-next\"><button type=\"button\" class=\"mc-navigation-button\" id=\"mc_next_my-calendar\" data-href=\"https:\/\/www.vv-vikings.de\/?page_id=354&#038;cid=my-calendar&#038;dy&#038;month=10&#038;rest_route=\/wp\/v2\/pages\/354&#038;time=month&#038;yr=2026\">Weiter<span class=\"mc-icon\" aria-hidden=\"true\"><\/span><\/button><\/li>\r\n\t\t\t<\/ul>\r\n\t\t<\/div><button data-href=\"https:\/\/www.vv-vikings.de\" class=\"mc-navigation-button mc-clear-filters\"><span class=\"mc-icon\" aria-hidden=\"true\"><\/span>Clear Filters<\/button><\/div>\n<\/nav>\n<div class=\"mc-content\"><thead>\n\t<tr class='mc-row'>\n\t\t<th scope=\"col\" class='day-heading mon'><abbr title=\"Montag\" aria-hidden=\"true\">Mo.<\/abbr><span class=\"screen-reader-text\">Montag<\/span><\/th>\n\n\t\t<th scope=\"col\" class='day-heading tues'><abbr title=\"Dienstag\" aria-hidden=\"true\">Di.<\/abbr><span class=\"screen-reader-text\">Dienstag<\/span><\/th>\n\n\t\t<th scope=\"col\" class='day-heading wed'><abbr title=\"Mittwoch\" aria-hidden=\"true\">Mi.<\/abbr><span class=\"screen-reader-text\">Mittwoch<\/span><\/th>\n\n\t\t<th scope=\"col\" class='day-heading thur'><abbr title=\"Donnerstag\" aria-hidden=\"true\">Do.<\/abbr><span class=\"screen-reader-text\">Donnerstag<\/span><\/th>\n\n\t\t<th scope=\"col\" class='day-heading fri'><abbr title=\"Freitag\" aria-hidden=\"true\">Fr.<\/abbr><span class=\"screen-reader-text\">Freitag<\/span><\/th>\n\n\t\t<th scope=\"col\" class='weekend-heading sat'><abbr title=\"Samstag\" aria-hidden=\"true\">Sa.<\/abbr><span class=\"screen-reader-text\">Samstag<\/span><\/th>\n\n\t\t<th scope=\"col\" class='weekend-heading sun'><abbr title=\"Sonntag\" aria-hidden=\"true\">So.<\/abbr><span class=\"screen-reader-text\">Sonntag<\/span><\/th>\n\t<\/tr>\n<\/thead>\n<tbody>\n<tr class='mc-row'><td class='no-events montag mo past-day past-date  nextmonth no-events day-with-date'><div class='mc-date-container'><span class='mc-date no-events'><span aria-hidden='true'>31<\/span><span class='screen-reader-text'>31. August 2026<\/span><\/span><\/div>\n<\/td>\n<td class='no-events dienstag di past-day past-date   no-events day-with-date'><div class='mc-date-container'><span class='mc-date no-events'><span aria-hidden='true'>1<\/span><span class='screen-reader-text'>1. September 2026<\/span><\/span><\/div>\n<\/td>\n<td id='single-2026-09-02' class='mc-events mittwoch mi past-day past-date   has-events author1 mcat_jugend day-with-date'><div class='mc-date-container'>\n\t<span class='mc-date'><span aria-hidden='true' class='mc-day-number'>2<\/span><span class='screen-reader-text mc-day-date'>2. September 2026<\/span><span class=\"event-icon\" aria-hidden=\"true\">&#9679;<\/span><span class=\"screen-reader-text\"><span class=\"mc-list-details event-count\">(1 Veranstaltung)<\/span><\/span><\/span><\/div><article id='mc_single_02_8652-single-8652' class='mc-has-category-colors mc-mc_single_8652 single-event mc_jugend mc_sporthalle-ii-an-der-berliner-strae-47-berliner-strae-38159-vechelde  past-event mc_primary_jugend recurring mc-2-stunden mc-start-17-00 ungrouped mc-event-267 mc-event mc_rel_jugend mc_rel_training'><header>\t<h3 class='event-title summary'><div class='event-title-container'>Training Jugend ab 8 Jahre Fortgeschrittene<\/div><\/h3>\n<\/header><div id='mc_single_02_8652-single-details-8652' class='details no-image' >\n\n\t\r\n\t<div class='time-block'>\r\n\t\t<span class='mc-icon' aria-hidden='true'><\/span>\r\n\t\t<p><span class=\"time-wrapper\"><span class='event-time dtstart'><time class='value-title' datetime='2026-09-02T17:00:00+7200:00' title='2026-09-02T17:00:00+7200:00'>17:00<\/time><\/span> <span class='time-separator'> &ndash; <\/span> <span class='end-time dtend'> <time class='value-title' datetime='2026-09-02T18:30:00+7200:00' title='2026-09-02T18:30:00+7200:00'>18:30<\/time><\/span><\/span><br \/><span class=\"date-wrapper\"><span class='mc-start-date dtstart' title='2026-09-02T17:00:00+7200:00' content='2026-09-02T17:00:00+7200:00'>2. September 2026<\/span>  <\/span><\/p>\r\n\t<\/div>\n\t\t<div class=\"mc-location\"><div class=\"address location vcard\"><div class=\"adr h-card\"><div><strong class=\"location-label\"><span class=\"location-link org edit p-name p-org\">Sporthalle II an der Berliner Stra\u00dfe 47, Berliner Stra\u00dfe, 38159 Vechelde<\/span><\/strong><\/div><\/div><\/div><\/div>\n\t\t<div class=\"sharing\">\t<p class='ical'><a class='ical' rel='nofollow' href='https:\/\/www.vv-vikings.de\/?page_id=2142&#038;rest_route=\/wp\/v2\/pages\/354&#038;vcal=8652' aria-describedby='mc_8652-title-my-calendar'><span class='mc-icon' aria-hidden='true'><\/span>iCal<\/a><\/p>\t<p class='gcal'><a href='https:\/\/www.google.com\/calendar\/render?action=TEMPLATE&#038;dates=20260902T170000\/20260902T183000&#038;sprop=website:https:\/\/www.vv-vikings.de\/?page_id=2142&#038;mc_id=8652&#038;rest_route=\/wp\/v2\/pages\/354&#038;text=Training+Jugend+ab+8+Jahre+Fortgeschrittene&#038;location=&#038;sprop=name:Vallstedt+Vechelde+Vikings&#038;details=&#038;sf=true&#038;output=xml' class='gcal external' rel='nofollow' aria-describedby='mc_8652-title-my-calendar'><span class='mc-icon' aria-hidden='true'><\/span>Google<\/a><\/p><\/div>\n\t\t<p class='view-full'><a href='https:\/\/www.vv-vikings.de\/?page_id=2142'>Kompletten Kalender ansehen<\/a><\/p><\/div><!--end .details--><\/article>\n<\/td>\n<td id='single-2026-09-03' class='mc-events donnerstag do past-day past-date   has-events author1 mcat_allgemein day-with-date'><div class='mc-date-container'>\n\t<span class='mc-date'><span aria-hidden='true' class='mc-day-number'>3<\/span><span class='screen-reader-text mc-day-date'>3. September 2026<\/span><span class=\"event-icon\" aria-hidden=\"true\">&#9679;<\/span><span class=\"screen-reader-text\"><span class=\"mc-list-details event-count\">(1 Veranstaltung)<\/span><\/span><\/span><\/div><article id='mc_single_03_13419-single-13419' class='mc-has-category-colors mc-mc_single_13419 single-event mc_allgemein mc_beach-club-alvesser-str-6b-38159-vallstedt  past-event mc_primary_allgemein nonrecurring mc mc-start-19-00 ungrouped mc-event-836 mc-event mc_rel_allgemein mc_rel_specialevents'><header>\t<h3 class='event-title summary'><div class='event-title-container'>Jahreshauptversammlung Volleyball VIPs Vallstedt-Vechelde e.V.<\/div><\/h3>\n<\/header><div id='mc_single_03_13419-single-details-13419' class='details has-image' >\n\n\t\r\n\t<div class='time-block'>\r\n\t\t<span class='mc-icon' aria-hidden='true'><\/span>\r\n\t\t<p><span class=\"time-wrapper\"><span class='event-time dtstart'><time class='value-title' datetime='2026-09-03T19:00:00+7200:00' title='2026-09-03T19:00:00+7200:00'>19:00<\/time><\/span>  <\/span><br \/><span class=\"date-wrapper\"><span class='mc-start-date dtstart' title='2026-09-03T19:00:00+7200:00' content='2026-09-03T19:00:00+7200:00'>3. September 2026<\/span>  <\/span><\/p>\r\n\t<\/div>\n\t<img loading=\"lazy\" decoding=\"async\" width=\"724\" height=\"1024\" src=\"https:\/\/www.vv-vikings.de\/wp-content\/uploads\/2026\/08\/Einladung_JHV_VVV_2026-pdf-724x1024.jpg\" class=\"mc-image photo square wp-post-image\" alt=\"Jahreshauptversammlung Volleyball VIPs Vallstedt-Vechelde e.V.\" \/>\n\t\t<div class=\"mc-location\"><div class=\"address location vcard\"><div class=\"adr h-card\"><div><strong class=\"location-label\"><span class=\"location-link org edit p-name p-org\">Beach-Club, Alvesser Str. 6b, 38159 Vallstedt<\/span><\/strong><\/div><div class='sub-address'><div class=\"street-address p-street-address\">Alvesser Str. 6b<\/div><div><span class=\"locality p-locality\">Vallstedt<\/span><span class=\"mc-sep\">, <\/span> <span class=\"postal-code p-postal-code\">38159<\/span><\/div><\/div><\/div><div class='map'><a href='https:\/\/maps.google.com\/maps?z=16&amp;daddr=52.213978N,10.365598E' class='url external'><span class='mc-icon' aria-hidden='true'><\/span>Karte<span class='screen-reader-text fn'> Beach-Club, Alvesser Str. 6b, 38159 Vallstedt<\/span><\/a><\/div><\/div><\/div>\n\t\r\n\t<p>\r\n\t\t<a href='https:\/\/www.vv-vikings.de\/wp-content\/uploads\/2026\/08\/Einladung_JHV_VVV_2026.pdf' class='single-link url' aria-describedby='mc_13419-title-my-calendar'>Weitere Informationen<\/a>\r\n\t<\/p>\n\t\t<div class=\"sharing\">\t<p class='ical'><a class='ical' rel='nofollow' href='https:\/\/www.vv-vikings.de\/?page_id=2142&#038;rest_route=\/wp\/v2\/pages\/354&#038;vcal=13419' aria-describedby='mc_13419-title-my-calendar'><span class='mc-icon' aria-hidden='true'><\/span>iCal<\/a><\/p>\t<p class='gcal'><a href='https:\/\/www.google.com\/calendar\/render?action=TEMPLATE&#038;dates=20260903T190000\/20260903T200000&#038;sprop=website:https:\/\/www.vv-vikings.de\/?page_id=2142&#038;mc_id=13419&#038;rest_route=\/wp\/v2\/pages\/354&#038;text=Jahreshauptversammlung+Volleyball+VIPs+Vallstedt-Vechelde+e.V.&#038;location=Alvesser+Str.+6b++Vallstedt++38159&#038;sprop=name:Vallstedt+Vechelde+Vikings&#038;details=https%3A%2F%2Fwww.vv-vikings.de%2Fwp-content%2Fuploads%2F2026%2F08%2FEinladung_JHV_VVV_2026.pdf&#038;sf=true&#038;output=xml' class='gcal external' rel='nofollow' aria-describedby='mc_13419-title-my-calendar'><span class='mc-icon' aria-hidden='true'><\/span>Google<\/a><\/p><\/div>\n\t\t<p class='view-full'><a href='https:\/\/www.vv-vikings.de\/?page_id=2142'>Kompletten Kalender ansehen<\/a><\/p><\/div><!--end .details--><\/article>\n<\/td>\n<td id='single-2026-09-04' class='mc-events freitag fr past-day past-date   has-events author1 mcat_allgemein day-with-date'><div class='mc-date-container'>\n\t<span class='mc-date'><span aria-hidden='true' class='mc-day-number'>4<\/span><span class='screen-reader-text mc-day-date'>4. September 2026<\/span><span class=\"event-icon\" aria-hidden=\"true\">&#9679;&#9679;<\/span><span class=\"screen-reader-text\"><span class=\"mc-list-details event-count\">(2 Veranstaltungen)<\/span><\/span><\/span><\/div><article id='mc_single_04_13399-single-13399' class='mc-has-category-colors mc-mc_single_13399 single-event mc_allgemein mc_sporthalle-ii-an-der-berliner-strae-47-berliner-strae-38159-vechelde  past-event mc_primary_allgemein nonrecurring mc-24-stunden mc-start-00-00 ungrouped mc-event-675 mc-event mc_rel_allgemein mc_rel_specialevents'><header>\t<h3 class='event-title summary'><div class='event-title-container'>Vikings Go Sportabzeichen 2.0<\/div><\/h3>\n<\/header><div id='mc_single_04_13399-single-details-13399' class='details no-image' >\n\n\t\r\n\t<div class='time-block'>\r\n\t\t<span class='mc-icon' aria-hidden='true'><\/span>\r\n\t\t<p><span class=\"time-wrapper\"> <span class='event-time'>Uhrzeit unbekannt<\/span>  <\/span><br \/><span class=\"date-wrapper\"><span class='mc-start-date dtstart' title='2026-09-04T00:00:00+7200:00' content='2026-09-04T00:00:00+7200:00'>4. September 2026<\/span>  <\/span><\/p>\r\n\t<\/div>\n\t\t<div class='longdesc description'><p>Hallo ihr Raketen \ud83d\ude80<\/p>\n<p>Wie ihr wisst \ud83d\udd2e\u2026<br \/>\n\u2026nach der Saison ist vor dem Sportabzeichen!<\/p>\n<p>Auch in diesem Jahr m\u00f6chten wir uns wieder bestens auf die n\u00e4chste Saison vorbereiten und gemeinsam das deutsche Sportabzeichen machen!\ud83c\udfc3\ud83c\udffe\ud83c\udfc3\ud83c\udffd\u200d\u2640\ufe0f<\/p>\n<p>Wie im letzten Jahr visieren wir einen gemeinsamen Termin im Sp\u00e4tsommer an: Freitag, den 04.09.2026<br \/>\nAnbei findet ihr einen Kalendereintrag, den ihr euch gerne abspeichern k\u00f6nnt.<\/p>\n<p>Bis dahin kann nat\u00fcrlich flei\u00dfig trainiert werden.<br \/>\nZu jener sowie allen weiteren Abstimmungen gibt es nat\u00fcrlich weiterhin eine elit\u00e4re Whatsapp-Gruppe, zu der jede ViQueen und jeder ViKing herzlich eingeladen ist.<\/p>\n<p>Im Namen des VVV, der den Tag gerne mit Getr\u00e4nken und einem Snack unterst\u00fctzt.<br \/>\nTorben<\/p>\n<\/div>\n\t\t<div class=\"mc-location\"><div class=\"address location vcard\"><div class=\"adr h-card\"><div><strong class=\"location-label\"><span class=\"location-link org edit p-name p-org\">Sporthalle II an der Berliner Stra\u00dfe 47, Berliner Stra\u00dfe, 38159 Vechelde<\/span><\/strong><\/div><\/div><\/div><\/div>\n\t\t<div class=\"sharing\">\t<p class='ical'><a class='ical' rel='nofollow' href='https:\/\/www.vv-vikings.de\/?page_id=2142&#038;rest_route=\/wp\/v2\/pages\/354&#038;vcal=13399' aria-describedby='mc_13399-title-my-calendar'><span class='mc-icon' aria-hidden='true'><\/span>iCal<\/a><\/p>\t<p class='gcal'><a href='https:\/\/www.google.com\/calendar\/render?action=TEMPLATE&#038;dates=20260904\/20260905&#038;sprop=website:https:\/\/www.vv-vikings.de\/?page_id=2142&#038;mc_id=13399&#038;rest_route=\/wp\/v2\/pages\/354&#038;text=Vikings+Go+Sportabzeichen+2.0&#038;location=&#038;sprop=name:Vallstedt+Vechelde+Vikings&#038;details=Hallo+ihr+Raketen+%F0%9F%9A%80Wie+ihr+wisst+%F0%9F%94%AE%E2%80%A6%E2%80%A6nach+der+Saison+ist+vor+dem+Sportabzeichen%21Auch+in+diesem+Jahr+m%C3%B6chten+wir+uns+wieder+bestens+auf+die+n%C3%A4chste+Saison+vorbereiten+und+gemeinsam+das+deutsche+Sportabzeichen+machen%21%F0%9F%8F%83%F0%9F%8F%BE%F0%9F%8F%83%F0%9F%8F%BD%E2%80%8D%E2%99%80%EF%B8%8FWie+im+letzten+Jahr+visieren+wir+einen+gemeinsamen+Termin+im+Sp%C3%A4tsommer+an%3A+Freitag%2C+den+04.09.2026Anbei+findet+ihr+einen+Kalendereintrag%2C+den+ihr+euch+gerne+abspeichern+k%C3%B6nnt.Bis+dahin+kann+nat%C3%BCrlich+flei%C3%9Fig+trainiert+werden.Zu+jener+sowie+allen+weiteren+Abstimmungen+gibt+es+nat%C3%BCrlich+weiterhin+eine+elit%C3%A4re+Whatsapp-Gruppe%2C+zu+der+jede+ViQueen+und+jeder+ViKing+herzlich+eingeladen+ist.Im+Namen+des+VVV%2C+der+den+Tag+gerne+mit+Getr%C3%A4nken+und+einem+Snack+unterst%C3%BCtzt.Torben&#038;sf=true&#038;output=xml' class='gcal external' rel='nofollow' aria-describedby='mc_13399-title-my-calendar'><span class='mc-icon' aria-hidden='true'><\/span>Google<\/a><\/p><\/div>\n\t\t<p class='view-full'><a href='https:\/\/www.vv-vikings.de\/?page_id=2142'>Kompletten Kalender ansehen<\/a><\/p><\/div><!--end .details--><\/article><article id='mc_single_04_13501-single-13501' class='mc-has-category-colors mc-mc_single_13501 single-event mc_allgemein mc_beach-club-alvesser-str-6b-38159-vallstedt  past-event mc_primary_allgemein nonrecurring mc mc-start-15-30 ungrouped mc-event-510 mc-event mc_rel_allgemein'><header>\t<h3 class='event-title summary'><div class='event-title-container'>Arbeitseinsatz in Vallstedt<\/div><\/h3>\n<\/header><div id='mc_single_04_13501-single-details-13501' class='details no-image' >\n\n\t\r\n\t<div class='time-block'>\r\n\t\t<span class='mc-icon' aria-hidden='true'><\/span>\r\n\t\t<p><span class=\"time-wrapper\"><span class='event-time dtstart'><time class='value-title' datetime='2026-09-04T15:30:00+7200:00' title='2026-09-04T15:30:00+7200:00'>15:30<\/time><\/span>  <\/span><br \/><span class=\"date-wrapper\"><span class='mc-start-date dtstart' title='2026-09-04T15:30:00+7200:00' content='2026-09-04T15:30:00+7200:00'>4. September 2026<\/span>  <\/span><\/p>\r\n\t<\/div>\n\t\t<div class='longdesc description'><p>Arbeitseinsatz am Freitag 04.09.26 15:30 Uhr.<\/p>\n<p>Ziele f\u00fcr heute sind:<br \/>\n2. Feld abdecken, Sperrm\u00fcll zusammentragen etc.<\/p>\n<\/div>\n\t\t<div class=\"mc-location\"><div class=\"address location vcard\"><div class=\"adr h-card\"><div><strong class=\"location-label\"><span class=\"location-link org edit p-name p-org\">Beach-Club, Alvesser Str. 6b, 38159 Vallstedt<\/span><\/strong><\/div><div class='sub-address'><div class=\"street-address p-street-address\">Alvesser Str. 6b<\/div><div><span class=\"locality p-locality\">Vallstedt<\/span><span class=\"mc-sep\">, <\/span> <span class=\"postal-code p-postal-code\">38159<\/span><\/div><\/div><\/div><div class='map'><a href='https:\/\/maps.google.com\/maps?z=16&amp;daddr=52.213978N,10.365598E' class='url external'><span class='mc-icon' aria-hidden='true'><\/span>Karte<span class='screen-reader-text fn'> Beach-Club, Alvesser Str. 6b, 38159 Vallstedt<\/span><\/a><\/div><\/div><\/div>\n\t\t<div class=\"sharing\">\t<p class='ical'><a class='ical' rel='nofollow' href='https:\/\/www.vv-vikings.de\/?page_id=2142&#038;rest_route=\/wp\/v2\/pages\/354&#038;vcal=13501' aria-describedby='mc_13501-title-my-calendar'><span class='mc-icon' aria-hidden='true'><\/span>iCal<\/a><\/p>\t<p class='gcal'><a href='https:\/\/www.google.com\/calendar\/render?action=TEMPLATE&#038;dates=20260904T153000\/20260904T200000&#038;sprop=website:https:\/\/www.vv-vikings.de\/?page_id=2142&#038;mc_id=13501&#038;rest_route=\/wp\/v2\/pages\/354&#038;text=Arbeitseinsatz+in+Vallstedt&#038;location=Alvesser+Str.+6b++Vallstedt++38159&#038;sprop=name:Vallstedt+Vechelde+Vikings&#038;details=Arbeitseinsatz+am+Freitag+04.09.26+15%3A30+Uhr.Ziele+f%C3%BCr+heute+sind%3A2.+Feld+abdecken%2C+Sperrm%C3%BCll+zusammentragen+etc.&#038;sf=true&#038;output=xml' class='gcal external' rel='nofollow' aria-describedby='mc_13501-title-my-calendar'><span class='mc-icon' aria-hidden='true'><\/span>Google<\/a><\/p><\/div>\n\t\t<p class='view-full'><a href='https:\/\/www.vv-vikings.de\/?page_id=2142'>Kompletten Kalender ansehen<\/a><\/p><\/div><!--end .details--><\/article>\n<\/td>\n<td id='single-2026-09-05' class='mc-events samstag sa past-day past-date weekend  has-events author1 mcat_punktspiele day-with-date'><div class='mc-date-container'>\n\t<span class='mc-date'><span aria-hidden='true' class='mc-day-number'>5<\/span><span class='screen-reader-text mc-day-date'>5. September 2026<\/span><span class=\"event-icon\" aria-hidden=\"true\">&#9679;<\/span><span class=\"screen-reader-text\"><span class=\"mc-list-details event-count\">(1 Veranstaltung)<\/span><\/span><\/span><\/div><article id='mc_single_05_13427-single-13427' class='mc-has-category-colors mc-mc_single_13427 single-event mc_punktspiele mc_beach-club-alvesser-str-6b-38159-vallstedt  past-event mc_primary_punktspiele nonrecurring mc mc-start-10-30 ungrouped mc-event-681 mc-event mc_rel_allgemein mc_rel_punktspiele mc_rel_specialevents'><header>\t<h3 class='event-title summary'><div class='event-title-container'>37. Vereinsmeisterschaft im Beachvolleyball der VIKINGS<\/div><\/h3>\n<\/header><div id='mc_single_05_13427-single-details-13427' class='details no-image' >\n\n\t\r\n\t<div class='time-block'>\r\n\t\t<span class='mc-icon' aria-hidden='true'><\/span>\r\n\t\t<p><span class=\"time-wrapper\"><span class='event-time dtstart'><time class='value-title' datetime='2026-09-05T10:30:00+7200:00' title='2026-09-05T10:30:00+7200:00'>10:30<\/time><\/span>  <\/span><br \/><span class=\"date-wrapper\"><span class='mc-start-date dtstart' title='2026-09-05T10:30:00+7200:00' content='2026-09-05T10:30:00+7200:00'>5. September 2026<\/span>  <\/span><\/p>\r\n\t<\/div>\n\t\t<div class='longdesc description'><p><em>\u00a0Am <strong>05.09. <\/strong>startet um 10:30 Uhr die 37. Vereinsmeisterschaft im Beachvolleyball der VIKINGS. Hier k\u00f6nnt ihr spontan unangemeldet mitmachen.<\/em><\/p>\n<p>Spiele im Losverfahren,\u00a0 Grillen\u00a0 in der Mittagspause und Siegerehrung am Schluss.<\/p>\n<\/div>\n\t\t<div class=\"mc-location\"><div class=\"address location vcard\"><div class=\"adr h-card\"><div><strong class=\"location-label\"><span class=\"location-link org edit p-name p-org\">Beach-Club, Alvesser Str. 6b, 38159 Vallstedt<\/span><\/strong><\/div><div class='sub-address'><div class=\"street-address p-street-address\">Alvesser Str. 6b<\/div><div><span class=\"locality p-locality\">Vallstedt<\/span><span class=\"mc-sep\">, <\/span> <span class=\"postal-code p-postal-code\">38159<\/span><\/div><\/div><\/div><div class='map'><a href='https:\/\/maps.google.com\/maps?z=16&amp;daddr=52.213978N,10.365598E' class='url external'><span class='mc-icon' aria-hidden='true'><\/span>Karte<span class='screen-reader-text fn'> Beach-Club, Alvesser Str. 6b, 38159 Vallstedt<\/span><\/a><\/div><\/div><\/div>\n\t\t<div class=\"sharing\">\t<p class='ical'><a class='ical' rel='nofollow' href='https:\/\/www.vv-vikings.de\/?page_id=2142&#038;rest_route=\/wp\/v2\/pages\/354&#038;vcal=13427' aria-describedby='mc_13427-title-my-calendar'><span class='mc-icon' aria-hidden='true'><\/span>iCal<\/a><\/p>\t<p class='gcal'><a href='https:\/\/www.google.com\/calendar\/render?action=TEMPLATE&#038;dates=20260905T103000\/20260905T120000&#038;sprop=website:https:\/\/www.vv-vikings.de\/?page_id=2142&#038;mc_id=13427&#038;rest_route=\/wp\/v2\/pages\/354&#038;text=37.+Vereinsmeisterschaft+im+Beachvolleyball+der+VIKINGS&#038;location=Alvesser+Str.+6b++Vallstedt++38159&#038;sprop=name:Vallstedt+Vechelde+Vikings&#038;details=%C2%A0Am+05.09.+startet+um+10%3A30+Uhr+die+37.+Vereinsmeisterschaft+im+Beachvolleyball+der+VIKINGS.+Hier+k%C3%B6nnt+ihr+spontan+unangemeldet+mitmachen.Spiele+im+Losverfahren%2C%C2%A0+Grillen%C2%A0+in+der+Mittagspause+und+Siegerehrung+am+Schluss.&#038;sf=true&#038;output=xml' class='gcal external' rel='nofollow' aria-describedby='mc_13427-title-my-calendar'><span class='mc-icon' aria-hidden='true'><\/span>Google<\/a><\/p><\/div>\n\t\t<p class='view-full'><a href='https:\/\/www.vv-vikings.de\/?page_id=2142'>Kompletten Kalender ansehen<\/a><\/p><\/div><!--end .details--><\/article>\n<\/td>\n<td aria-current=\"date\" class='no-events sonntag so current-day weekend  no-events day-with-date'><div class='mc-date-container'><span class='mc-date no-events'><span aria-hidden='true'>6<\/span><span class='screen-reader-text'>6. September 2026<\/span><\/span><\/div>\n<\/td>\n<\/tr>\n<!-- End Event Row -->\n<tr class='mc-row'><td class='no-events montag mo future-day   no-events day-with-date'><div class='mc-date-container'><span class='mc-date no-events'><span aria-hidden='true'>7<\/span><span class='screen-reader-text'>7. September 2026<\/span><\/span><\/div>\n<\/td>\n<td class='no-events dienstag di future-day   no-events day-with-date'><div class='mc-date-container'><span class='mc-date no-events'><span aria-hidden='true'>8<\/span><span class='screen-reader-text'>8. September 2026<\/span><\/span><\/div>\n<\/td>\n<td id='single-2026-09-09' class='mc-events mittwoch mi future-day   has-events author1 mcat_jugend day-with-date'><div class='mc-date-container'>\n\t<span class='mc-date'><span aria-hidden='true' class='mc-day-number'>9<\/span><span class='screen-reader-text mc-day-date'>9. September 2026<\/span><span class=\"event-icon\" aria-hidden=\"true\">&#9679;<\/span><span class=\"screen-reader-text\"><span class=\"mc-list-details event-count\">(1 Veranstaltung)<\/span><\/span><\/span><\/div><article id='mc_single_09_8653-single-8653' class='mc-has-category-colors mc-mc_single_8653 single-event mc_jugend mc_sporthalle-ii-an-der-berliner-strae-47-berliner-strae-38159-vechelde  future-event mc_primary_jugend recurring mc-2-stunden mc-start-17-00 ungrouped mc-event-267 mc-event mc_rel_jugend mc_rel_training'><header>\t<h3 class='event-title summary'><div class='event-title-container'>Training Jugend ab 8 Jahre Fortgeschrittene<\/div><\/h3>\n<\/header><div id='mc_single_09_8653-single-details-8653' class='details no-image' >\n\n\t\r\n\t<div class='time-block'>\r\n\t\t<span class='mc-icon' aria-hidden='true'><\/span>\r\n\t\t<p><span class=\"time-wrapper\"><span class='event-time dtstart'><time class='value-title' datetime='2026-09-09T17:00:00+7200:00' title='2026-09-09T17:00:00+7200:00'>17:00<\/time><\/span> <span class='time-separator'> &ndash; <\/span> <span class='end-time dtend'> <time class='value-title' datetime='2026-09-09T18:30:00+7200:00' title='2026-09-09T18:30:00+7200:00'>18:30<\/time><\/span><\/span><br \/><span class=\"date-wrapper\"><span class='mc-start-date dtstart' title='2026-09-09T17:00:00+7200:00' content='2026-09-09T17:00:00+7200:00'>9. September 2026<\/span>  <\/span><\/p>\r\n\t<\/div>\n\t\t<div class=\"mc-location\"><div class=\"address location vcard\"><div class=\"adr h-card\"><div><strong class=\"location-label\"><span class=\"location-link org edit p-name p-org\">Sporthalle II an der Berliner Stra\u00dfe 47, Berliner Stra\u00dfe, 38159 Vechelde<\/span><\/strong><\/div><\/div><\/div><\/div>\n\t\t<div class=\"sharing\">\t<p class='ical'><a class='ical' rel='nofollow' href='https:\/\/www.vv-vikings.de\/?page_id=2142&#038;rest_route=\/wp\/v2\/pages\/354&#038;vcal=8653' aria-describedby='mc_8653-title-my-calendar'><span class='mc-icon' aria-hidden='true'><\/span>iCal<\/a><\/p>\t<p class='gcal'><a href='https:\/\/www.google.com\/calendar\/render?action=TEMPLATE&#038;dates=20260909T170000\/20260909T183000&#038;sprop=website:https:\/\/www.vv-vikings.de\/?page_id=2142&#038;mc_id=8653&#038;rest_route=\/wp\/v2\/pages\/354&#038;text=Training+Jugend+ab+8+Jahre+Fortgeschrittene&#038;location=&#038;sprop=name:Vallstedt+Vechelde+Vikings&#038;details=&#038;sf=true&#038;output=xml' class='gcal external' rel='nofollow' aria-describedby='mc_8653-title-my-calendar'><span class='mc-icon' aria-hidden='true'><\/span>Google<\/a><\/p><\/div>\n\t\t<p class='view-full'><a href='https:\/\/www.vv-vikings.de\/?page_id=2142'>Kompletten Kalender ansehen<\/a><\/p><\/div><!--end .details--><\/article>\n<\/td>\n<td class='no-events donnerstag do future-day   no-events day-with-date'><div class='mc-date-container'><span class='mc-date no-events'><span aria-hidden='true'>10<\/span><span class='screen-reader-text'>10. September 2026<\/span><\/span><\/div>\n<\/td>\n<td id='single-2026-09-11' class='mc-events freitag fr future-day   has-events author1 mcat_vvv day-with-date'><div class='mc-date-container'>\n\t<span class='mc-date'><span aria-hidden='true' class='mc-day-number'>11<\/span><span class='screen-reader-text mc-day-date'>11. September 2026<\/span><span class=\"event-icon\" aria-hidden=\"true\">&#9679;<\/span><span class=\"screen-reader-text\"><span class=\"mc-list-details event-count\">(1 Veranstaltung)<\/span><\/span><\/span><\/div><article id='mc_single_11_13416-single-13416' class='mc-has-category-colors mc-mc_single_13416 single-event mc_vvv mc_beach-club-alvesser-str-6b-38159-vallstedt  future-event mc_primary_vvv nonrecurring mc-3-stunden mc-start-18-00 ungrouped mc-event-141 mc-event mc_rel_allgemein mc_rel_specialevents mc_rel_vvv'><header>\t<h3 class='event-title summary'><div class='event-title-container'>Jahreshauptversammlung der VV Vikings<\/div><\/h3>\n<\/header><div id='mc_single_11_13416-single-details-13416' class='details no-image' >\n\n\t\r\n\t<div class='time-block'>\r\n\t\t<span class='mc-icon' aria-hidden='true'><\/span>\r\n\t\t<p><span class=\"time-wrapper\"><span class='event-time dtstart'><time class='value-title' datetime='2026-09-11T18:00:00+7200:00' title='2026-09-11T18:00:00+7200:00'>18:00<\/time><\/span> <span class='time-separator'> &ndash; <\/span> <span class='end-time dtend'> <time class='value-title' datetime='2026-09-11T21:00:00+7200:00' title='2026-09-11T21:00:00+7200:00'>21:00<\/time><\/span><\/span><br \/><span class=\"date-wrapper\"><span class='mc-start-date dtstart' title='2026-09-11T18:00:00+7200:00' content='2026-09-11T18:00:00+7200:00'>11. September 2026<\/span>  <\/span><\/p>\r\n\t<\/div>\n\t\t<div class='longdesc description'><div class=\"wp-block-algori-pdf-viewer-block-algori-pdf-viewer\"><iframe src=\"https:\/\/www.vv-vikings.de\/wp-content\/uploads\/2026\/08\/AnschreibenMitgliederversammlung2026.pdf\"><\/iframe><\/div>\n<p><a href=\"https:\/\/www.vv-vikings.de\/wp-content\/uploads\/2026\/08\/AnschreibenMitgliederversammlung2026.pdf\">AnschreibenMitgliederversammlung2026<\/a><\/p>\n<\/div>\n\t\t<div class=\"mc-location\"><div class=\"address location vcard\"><div class=\"adr h-card\"><div><strong class=\"location-label\"><span class=\"location-link org edit p-name p-org\">Beach-Club, Alvesser Str. 6b, 38159 Vallstedt<\/span><\/strong><\/div><div class='sub-address'><div class=\"street-address p-street-address\">Alvesser Str. 6b<\/div><div><span class=\"locality p-locality\">Vallstedt<\/span><span class=\"mc-sep\">, <\/span> <span class=\"postal-code p-postal-code\">38159<\/span><\/div><div class=\"mc-events-link\"><a class=\"location-link\" href=\"https:\/\/www.vv-vikings.de\/?mc-locations=beach-club-alvesser-str-6b-38159-vallstedt\">Veranstaltungsort anschauen<\/a><\/div><\/div><\/div><div class='map'><a href='https:\/\/maps.google.com\/maps?z=16&amp;daddr=52.213978N,10.365598E' class='url external'><span class='mc-icon' aria-hidden='true'><\/span>Karte<span class='screen-reader-text fn'> Beach-Club, Alvesser Str. 6b, 38159 Vallstedt<\/span><\/a><\/div><\/div><\/div>\n\t\t<div class=\"sharing\">\t<p class='ical'><a class='ical' rel='nofollow' href='https:\/\/www.vv-vikings.de\/?page_id=2142&#038;rest_route=\/wp\/v2\/pages\/354&#038;vcal=13416' aria-describedby='mc_13416-title-my-calendar'><span class='mc-icon' aria-hidden='true'><\/span>iCal<\/a><\/p>\t<p class='gcal'><a href='https:\/\/www.google.com\/calendar\/render?action=TEMPLATE&#038;dates=20260911T180000\/20260911T210000&#038;sprop=website:https:\/\/www.vv-vikings.de\/?page_id=2142&#038;mc_id=13416&#038;rest_route=\/wp\/v2\/pages\/354&#038;text=Jahreshauptversammlung+der+VV+Vikings&#038;location=Alvesser+Str.+6b++Vallstedt++38159&#038;sprop=name:Vallstedt+Vechelde+Vikings&#038;details=AnschreibenMitgliederversammlung2026&#038;sf=true&#038;output=xml' class='gcal external' rel='nofollow' aria-describedby='mc_13416-title-my-calendar'><span class='mc-icon' aria-hidden='true'><\/span>Google<\/a><\/p><\/div>\n\t\t<p class='view-full'><a href='https:\/\/www.vv-vikings.de\/?page_id=2142'>Kompletten Kalender ansehen<\/a><\/p><\/div><!--end .details--><\/article>\n<\/td>\n<td id='single-2026-09-12' class='mc-events samstag sa future-day weekend  has-events author1 mcat_3-herren mcat_4-herren mcat_allgemein day-with-date'><div class='mc-date-container'>\n\t<span class='mc-date'><span aria-hidden='true' class='mc-day-number'>12<\/span><span class='screen-reader-text mc-day-date'>12. September 2026<\/span><span class=\"event-icon\" aria-hidden=\"true\">&#9679;&#9679;&#9679;<\/span><span class=\"screen-reader-text\"><span class=\"mc-list-details event-count\">(5 Veranstaltungen)<\/span><\/span><\/span><\/div><article id='mc_single_12_13486-single-13486' class='mc-has-category-colors mc-mc_single_13486 single-event mc_3-herren mc_sporthalle-ii-an-der-berliner-strae-47-berliner-strae-38159-vechelde  future-event mc_primary_3-herren nonrecurring mc-2-stunden mc-start-15-00 ungrouped mc-event-891 mc-event mc_rel_3herren mc_rel_punktspiele'><header>\t<h3 class='event-title summary'><div class='event-title-container'>Vallstedt Vechelde Vikings III vs. FT Braunschweig, 9\/12\/26, BL BS Nord\/S\u00fcd Herren<\/div><\/h3>\n<\/header><div id='mc_single_12_13486-single-details-13486' class='details no-image' >\n\n\t\r\n\t<div class='time-block'>\r\n\t\t<span class='mc-icon' aria-hidden='true'><\/span>\r\n\t\t<p><span class=\"time-wrapper\"><span class='event-time dtstart'><time class='value-title' datetime='2026-09-12T15:00:00+7200:00' title='2026-09-12T15:00:00+7200:00'>15:00<\/time><\/span> <span class='time-separator'> &ndash; <\/span> <span class='end-time dtend'> <time class='value-title' datetime='2026-09-12T17:00:00+7200:00' title='2026-09-12T17:00:00+7200:00'>17:00<\/time><\/span><\/span><br \/><span class=\"date-wrapper\"><span class='mc-start-date dtstart' title='2026-09-12T15:00:00+7200:00' content='2026-09-12T15:00:00+7200:00'>12. September 2026<\/span>  <\/span><\/p>\r\n\t<\/div>\n\t\t<div class=\"mc-location\"><div class=\"address location vcard\"><div class=\"adr h-card\"><div><strong class=\"location-label\"><span class=\"location-link org edit p-name p-org\">Sporthalle II an der Berliner Stra\u00dfe 47, Berliner Stra\u00dfe, 38159 Vechelde<\/span><\/strong><\/div><\/div><\/div><\/div>\n\t\t<div class=\"sharing\">\t<p class='ical'><a class='ical' rel='nofollow' href='https:\/\/www.vv-vikings.de\/?page_id=2142&#038;rest_route=\/wp\/v2\/pages\/354&#038;vcal=13486' aria-describedby='mc_13486-title-my-calendar'><span class='mc-icon' aria-hidden='true'><\/span>iCal<\/a><\/p>\t<p class='gcal'><a href='https:\/\/www.google.com\/calendar\/render?action=TEMPLATE&#038;dates=20260912T150000\/20260912T170000&#038;sprop=website:https:\/\/www.vv-vikings.de\/?page_id=2142&#038;mc_id=13486&#038;rest_route=\/wp\/v2\/pages\/354&#038;text=Vallstedt+Vechelde+Vikings+III+vs.+FT+Braunschweig%2C+9%2F12%2F26%2C+BL+BS+Nord%2FS%C3%BCd+Herren&#038;location=&#038;sprop=name:Vallstedt+Vechelde+Vikings&#038;details=&#038;sf=true&#038;output=xml' class='gcal external' rel='nofollow' aria-describedby='mc_13486-title-my-calendar'><span class='mc-icon' aria-hidden='true'><\/span>Google<\/a><\/p><\/div>\n\t\t<p class='view-full'><a href='https:\/\/www.vv-vikings.de\/?page_id=2142'>Kompletten Kalender ansehen<\/a><\/p><\/div><!--end .details--><\/article><article id='mc_single_12_13511-single-13511' class='mc-has-category-colors mc-mc_single_13511 single-event mc_4-herren mc_sporthalle-ii-an-der-berliner-strae-47-berliner-strae-38159-vechelde  future-event mc_primary_4-herren nonrecurring mc-2-stunden mc-start-15-00 ungrouped mc-event-907 mc-event mc_rel_4herren mc_rel_punktspiele'><header>\t<h3 class='event-title summary'><div class='event-title-container'>Vallstedt Vechelde Vikings IV vs. TSG Jerstedt, 9\/12\/26, BK BS S\u00fcd Herren<\/div><\/h3>\n<\/header><div id='mc_single_12_13511-single-details-13511' class='details no-image' >\n\n\t\r\n\t<div class='time-block'>\r\n\t\t<span class='mc-icon' aria-hidden='true'><\/span>\r\n\t\t<p><span class=\"time-wrapper\"><span class='event-time dtstart'><time class='value-title' datetime='2026-09-12T15:00:00+7200:00' title='2026-09-12T15:00:00+7200:00'>15:00<\/time><\/span> <span class='time-separator'> &ndash; <\/span> <span class='end-time dtend'> <time class='value-title' datetime='2026-09-12T17:00:00+7200:00' title='2026-09-12T17:00:00+7200:00'>17:00<\/time><\/span><\/span><br \/><span class=\"date-wrapper\"><span class='mc-start-date dtstart' title='2026-09-12T15:00:00+7200:00' content='2026-09-12T15:00:00+7200:00'>12. September 2026<\/span>  <\/span><\/p>\r\n\t<\/div>\n\t\t<div class=\"mc-location\"><div class=\"address location vcard\"><div class=\"adr h-card\"><div><strong class=\"location-label\"><span class=\"location-link org edit p-name p-org\">Sporthalle II an der Berliner Stra\u00dfe 47, Berliner Stra\u00dfe, 38159 Vechelde<\/span><\/strong><\/div><\/div><\/div><\/div>\n\t\t<div class=\"sharing\">\t<p class='ical'><a class='ical' rel='nofollow' href='https:\/\/www.vv-vikings.de\/?page_id=2142&#038;rest_route=\/wp\/v2\/pages\/354&#038;vcal=13511' aria-describedby='mc_13511-title-my-calendar'><span class='mc-icon' aria-hidden='true'><\/span>iCal<\/a><\/p>\t<p class='gcal'><a href='https:\/\/www.google.com\/calendar\/render?action=TEMPLATE&#038;dates=20260912T150000\/20260912T170000&#038;sprop=website:https:\/\/www.vv-vikings.de\/?page_id=2142&#038;mc_id=13511&#038;rest_route=\/wp\/v2\/pages\/354&#038;text=Vallstedt+Vechelde+Vikings+IV+vs.+TSG+Jerstedt%2C+9%2F12%2F26%2C+BK+BS+S%C3%BCd+Herren&#038;location=&#038;sprop=name:Vallstedt+Vechelde+Vikings&#038;details=&#038;sf=true&#038;output=xml' class='gcal external' rel='nofollow' aria-describedby='mc_13511-title-my-calendar'><span class='mc-icon' aria-hidden='true'><\/span>Google<\/a><\/p><\/div>\n\t\t<p class='view-full'><a href='https:\/\/www.vv-vikings.de\/?page_id=2142'>Kompletten Kalender ansehen<\/a><\/p><\/div><!--end .details--><\/article><article id='mc_single_12_13502-single-13502' class='mc-has-category-colors mc-mc_single_13502 single-event mc_3-herren mc_sporthalle-ii-an-der-berliner-strae-47-berliner-strae-38159-vechelde  future-event mc_primary_3-herren nonrecurring mc-2-stunden mc-start-17-00 ungrouped mc-event-890 mc-event mc_rel_3herren mc_rel_punktspiele'><header>\t<h3 class='event-title summary'><div class='event-title-container'>Vallstedt Vechelde Vikings III vs. TSG K\u00f6nigslutter, 9\/12\/26, BL BS Nord\/S\u00fcd Herren<\/div><\/h3>\n<\/header><div id='mc_single_12_13502-single-details-13502' class='details no-image' >\n\n\t\r\n\t<div class='time-block'>\r\n\t\t<span class='mc-icon' aria-hidden='true'><\/span>\r\n\t\t<p><span class=\"time-wrapper\"><span class='event-time dtstart'><time class='value-title' datetime='2026-09-12T17:00:00+7200:00' title='2026-09-12T17:00:00+7200:00'>17:00<\/time><\/span> <span class='time-separator'> &ndash; <\/span> <span class='end-time dtend'> <time class='value-title' datetime='2026-09-12T19:00:00+7200:00' title='2026-09-12T19:00:00+7200:00'>19:00<\/time><\/span><\/span><br \/><span class=\"date-wrapper\"><span class='mc-start-date dtstart' title='2026-09-12T17:00:00+7200:00' content='2026-09-12T17:00:00+7200:00'>12. September 2026<\/span>  <\/span><\/p>\r\n\t<\/div>\n\t\t<div class=\"mc-location\"><div class=\"address location vcard\"><div class=\"adr h-card\"><div><strong class=\"location-label\"><span class=\"location-link org edit p-name p-org\">Sporthalle II an der Berliner Stra\u00dfe 47, Berliner Stra\u00dfe, 38159 Vechelde<\/span><\/strong><\/div><\/div><\/div><\/div>\n\t\t<div class=\"sharing\">\t<p class='ical'><a class='ical' rel='nofollow' href='https:\/\/www.vv-vikings.de\/?page_id=2142&#038;rest_route=\/wp\/v2\/pages\/354&#038;vcal=13502' aria-describedby='mc_13502-title-my-calendar'><span class='mc-icon' aria-hidden='true'><\/span>iCal<\/a><\/p>\t<p class='gcal'><a href='https:\/\/www.google.com\/calendar\/render?action=TEMPLATE&#038;dates=20260912T170000\/20260912T190000&#038;sprop=website:https:\/\/www.vv-vikings.de\/?page_id=2142&#038;mc_id=13502&#038;rest_route=\/wp\/v2\/pages\/354&#038;text=Vallstedt+Vechelde+Vikings+III+vs.+TSG+K%C3%B6nigslutter%2C+9%2F12%2F26%2C+BL+BS+Nord%2FS%C3%BCd+Herren&#038;location=&#038;sprop=name:Vallstedt+Vechelde+Vikings&#038;details=&#038;sf=true&#038;output=xml' class='gcal external' rel='nofollow' aria-describedby='mc_13502-title-my-calendar'><span class='mc-icon' aria-hidden='true'><\/span>Google<\/a><\/p><\/div>\n\t\t<p class='view-full'><a href='https:\/\/www.vv-vikings.de\/?page_id=2142'>Kompletten Kalender ansehen<\/a><\/p><\/div><!--end .details--><\/article><article id='mc_single_12_13526-single-13526' class='mc-has-category-colors mc-mc_single_13526 single-event mc_4-herren mc_sporthalle-ii-an-der-berliner-strae-47-berliner-strae-38159-vechelde  future-event mc_primary_4-herren nonrecurring mc-2-stunden mc-start-17-00 ungrouped mc-event-906 mc-event mc_rel_4herren mc_rel_punktspiele'><header>\t<h3 class='event-title summary'><div class='event-title-container'>Vallstedt Vechelde Vikings IV vs. TSV Arminia V\u00f6hrum, 9\/12\/26, BK BS S\u00fcd Herren<\/div><\/h3>\n<\/header><div id='mc_single_12_13526-single-details-13526' class='details no-image' >\n\n\t\r\n\t<div class='time-block'>\r\n\t\t<span class='mc-icon' aria-hidden='true'><\/span>\r\n\t\t<p><span class=\"time-wrapper\"><span class='event-time dtstart'><time class='value-title' datetime='2026-09-12T17:00:00+7200:00' title='2026-09-12T17:00:00+7200:00'>17:00<\/time><\/span> <span class='time-separator'> &ndash; <\/span> <span class='end-time dtend'> <time class='value-title' datetime='2026-09-12T19:00:00+7200:00' title='2026-09-12T19:00:00+7200:00'>19:00<\/time><\/span><\/span><br \/><span class=\"date-wrapper\"><span class='mc-start-date dtstart' title='2026-09-12T17:00:00+7200:00' content='2026-09-12T17:00:00+7200:00'>12. September 2026<\/span>  <\/span><\/p>\r\n\t<\/div>\n\t\t<div class=\"mc-location\"><div class=\"address location vcard\"><div class=\"adr h-card\"><div><strong class=\"location-label\"><span class=\"location-link org edit p-name p-org\">Sporthalle II an der Berliner Stra\u00dfe 47, Berliner Stra\u00dfe, 38159 Vechelde<\/span><\/strong><\/div><\/div><\/div><\/div>\n\t\t<div class=\"sharing\">\t<p class='ical'><a class='ical' rel='nofollow' href='https:\/\/www.vv-vikings.de\/?page_id=2142&#038;rest_route=\/wp\/v2\/pages\/354&#038;vcal=13526' aria-describedby='mc_13526-title-my-calendar'><span class='mc-icon' aria-hidden='true'><\/span>iCal<\/a><\/p>\t<p class='gcal'><a href='https:\/\/www.google.com\/calendar\/render?action=TEMPLATE&#038;dates=20260912T170000\/20260912T190000&#038;sprop=website:https:\/\/www.vv-vikings.de\/?page_id=2142&#038;mc_id=13526&#038;rest_route=\/wp\/v2\/pages\/354&#038;text=Vallstedt+Vechelde+Vikings+IV+vs.+TSV+Arminia+V%C3%B6hrum%2C+9%2F12%2F26%2C+BK+BS+S%C3%BCd+Herren&#038;location=&#038;sprop=name:Vallstedt+Vechelde+Vikings&#038;details=&#038;sf=true&#038;output=xml' class='gcal external' rel='nofollow' aria-describedby='mc_13526-title-my-calendar'><span class='mc-icon' aria-hidden='true'><\/span>Google<\/a><\/p><\/div>\n\t\t<p class='view-full'><a href='https:\/\/www.vv-vikings.de\/?page_id=2142'>Kompletten Kalender ansehen<\/a><\/p><\/div><!--end .details--><\/article><article id='mc_single_12_13420-single-13420' class='mc-has-category-colors mc-mc_single_13420 single-event mc_allgemein mc_vereinsheim-mtv-vechelde-am-schtzenplatz-5-38159-vechelde  future-event mc_primary_allgemein nonrecurring mc mc-start-17-00 ungrouped mc-event-837 mc-event mc_rel_allgemein mc_rel_specialevents'><header>\t<h3 class='event-title summary'><div class='event-title-container'>Vereinshelden-Sommerfest des MTV Vechelde<\/div><\/h3>\n<\/header><div id='mc_single_12_13420-single-details-13420' class='details no-image' >\n\n\t\r\n\t<div class='time-block'>\r\n\t\t<span class='mc-icon' aria-hidden='true'><\/span>\r\n\t\t<p><span class=\"time-wrapper\"><span class='event-time dtstart'><time class='value-title' datetime='2026-09-12T17:00:00+7200:00' title='2026-09-12T17:00:00+7200:00'>17:00<\/time><\/span>  <\/span><br \/><span class=\"date-wrapper\"><span class='mc-start-date dtstart' title='2026-09-12T17:00:00+7200:00' content='2026-09-12T17:00:00+7200:00'>12. September 2026<\/span>  <\/span><\/p>\r\n\t<\/div>\n\t\t<div class='longdesc description'><div class=\"elementToProof\">Liebe Vorstandsmitglieder, liebe Abteilungsleiterinnen und Abteilungsleiter, liebe \u00dcbungsleiterinnen und \u00dcbungsleiter,<\/div>\n<div>\n<div>als Dankesch\u00f6n f\u00fcr euren Einsatz und euer Engagement m\u00f6chten wir euch herzlich zu unserem Vereinshelden-Sommerfest einladen!<\/div>\n<\/div>\n<div>\n<div>\ud83d\udcc5\u00a0Datum: Samstag, 12.09.2026<br \/>\n\ud83d\udd55\u00a0Uhrzeit: ab 17:00 Uhr<br \/>\n\ud83d\udccd\u00a0 \u00a0Ort: Vereinsheim (Am Sch\u00fctzenplatz 5, 38159 Vechelde<\/div>\n<\/div>\n<div>\n<div>Freut euch auf einen gem\u00fctlichen Abend mit netten Gespr\u00e4chen, leckerem Essen und der Gelegenheit, auch einmal abseits des Vereinsalltags zusammenzukommen.<\/div>\n<\/div>\n<div>\n<div>F\u00fcr das leibliche Wohl ist gesorgt: Das Grillgut wird vom Verein gestellt, zus\u00e4tzlich m\u00f6chten wir ein buntes Mitbringbuffet zusammenstellen. In der Anmeldung k\u00f6nnt ihr daher auch angeben, welches Grillgut ihr bevorzugt und ob ihr etwas zum Buffet beisteuern m\u00f6chtet.<\/div>\n<\/div>\n<div>\n<div>Die Teilnahme ist kostenfrei. Wer m\u00f6chte, kann den Abend jedoch mit einer freiwilligen Spende unterst\u00fctzen. Dar\u00fcber w\u00fcrden wir uns sehr freuen.<\/div>\n<\/div>\n<div>\n<div>Bitte gebt uns \u00fcber die folgende Abfrage bis sp\u00e4testens 04.09.2026 eine R\u00fcckmeldung, ob ihr dabei seid.<\/div>\n<\/div>\n<div>\n<div>Wir freuen uns darauf, gemeinsam mit unseren Vereinsheldinnen und Vereinshelden einen sch\u00f6nen Abend zu verbringen!<\/div>\n<\/div>\n<div>\n<div>Bitte leitet diese Information auch an eure \u00dcbungsleiterinnen, \u00dcbungsleiter und alle freiwillig Engagierten\u00a0weiter, damit alle Bescheid wissen.<\/div>\n<\/div>\n<div>\n<div>Liebe Gr\u00fc\u00dfe<\/div>\n<\/div>\n<div>\n<div>Mara &amp; Tatjana<\/div>\n<\/div>\n<\/div>\n\t\t<div class=\"mc-location\"><div class=\"address location vcard\"><div class=\"adr h-card\"><div><strong class=\"location-label\"><span class=\"location-link org edit p-name p-org\">Vereinsheim MTV Vechelde, Am Sch\u00fctzenplatz 5, 38159 Vechelde<\/span><\/strong><\/div><div class='sub-address'><div class=\"street-address p-street-address\">Am Sch\u00fctzenplatz 5<\/div><div><span class=\"locality p-locality\">Vechelde<\/span><span class=\"mc-sep\">, <\/span> <span class=\"postal-code p-postal-code\">38159<\/span><\/div><div class=\"mc-events-link\"><a class=\"location-link\" href=\"https:\/\/www.vv-vikings.de\/?mc-locations=vereinsheim-mtv-vechelde-am-schuetzenplatz-5-38159-vechelde\">Veranstaltungsort anschauen<\/a><\/div><\/div><\/div><div class='map'><a href='https:\/\/maps.google.com\/maps?z=16&amp;daddr=Am+Sch\u00fctzenplatz+5++Vechelde++38159+' class='url external'><span class='mc-icon' aria-hidden='true'><\/span>Karte<span class='screen-reader-text fn'> Vereinsheim MTV Vechelde, Am Sch\u00fctzenplatz 5, 38159 Vechelde<\/span><\/a><\/div><\/div><\/div>\n\t\t<div class=\"sharing\">\t<p class='ical'><a class='ical' rel='nofollow' href='https:\/\/www.vv-vikings.de\/?page_id=2142&#038;rest_route=\/wp\/v2\/pages\/354&#038;vcal=13420' aria-describedby='mc_13420-title-my-calendar'><span class='mc-icon' aria-hidden='true'><\/span>iCal<\/a><\/p>\t<p class='gcal'><a href='https:\/\/www.google.com\/calendar\/render?action=TEMPLATE&#038;dates=20260912T170000\/20260912T180000&#038;sprop=website:https:\/\/www.vv-vikings.de\/?page_id=2142&#038;mc_id=13420&#038;rest_route=\/wp\/v2\/pages\/354&#038;text=Vereinshelden-Sommerfest+des+MTV+Vechelde&#038;location=Am+Sch%C3%BCtzenplatz+5++Vechelde++38159&#038;sprop=name:Vallstedt+Vechelde+Vikings&#038;details=Liebe+Vorstandsmitglieder%2C+liebe+Abteilungsleiterinnen+und+Abteilungsleiter%2C+liebe+%C3%9Cbungsleiterinnen+und+%C3%9Cbungsleiter%2Cals+Dankesch%C3%B6n+f%C3%BCr+euren+Einsatz+und+euer+Engagement+m%C3%B6chten+wir+euch+herzlich+zu+unserem+Vereinshelden-Sommerfest+einladen%21%F0%9F%93%85%C2%A0Datum%3A+Samstag%2C+12.09.2026%F0%9F%95%95%C2%A0Uhrzeit%3A+ab+17%3A00+Uhr%F0%9F%93%8D%C2%A0+%C2%A0Ort%3A+Vereinsheim+%28Am+Sch%C3%BCtzenplatz+5%2C+38159+VecheldeFreut+euch+auf+einen+gem%C3%BCtlichen+Abend+mit+netten+Gespr%C3%A4chen%2C+leckerem+Essen+und+der+Gelegenheit%2C+auch+einmal+abseits+des+Vereinsalltags+zusammenzukommen.F%C3%BCr+das+leibliche+Wohl+ist+gesorgt%3A+Das+Grillgut+wird+vom+Verein+gestellt%2C+zus%C3%A4tzlich+m%C3%B6chten+wir+ein+buntes+Mitbringbuffet+zusammenstellen.+In+der+Anmeldung+k%C3%B6nnt+ihr+daher+auch+angeben%2C+welches+Grillgut+ihr+bevorzugt+und+ob+ihr+etwas+zum+Buffet+beisteuern+m%C3%B6chtet.Die+Teilnahme+ist+kostenfrei.+Wer+m%C3%B6chte%2C+kann+den+Abend+jedoch+mit+einer+freiwilligen+Spende+unterst%C3%BCtzen.+Dar%C3%BCber+w%C3%BCrden+wir+uns+sehr+freuen.Bitte+gebt+uns+%C3%BCber+die+folgende+Abfrage+bis+sp%C3%A4testens+04.09.2026+eine+R%C3%BCckmeldung%2C+ob+ihr+dabei+seid.Wir+freuen+uns+darauf%2C+gemeinsam+mit+unseren+Vereinsheldinnen+und+Vereinshelden+einen+sch%C3%B6nen+Abend+zu+verbringen%21Bitte+leitet+diese+Information+auch+an+eure+%C3%9Cbungsleiterinnen%2C+%C3%9Cbungsleiter+und+alle+freiwillig+Engagierten%C2%A0weiter%2C+damit+alle+Bescheid+wissen.Liebe+Gr%C3%BC%C3%9FeMara+%26amp%3B+Tatjana&#038;sf=true&#038;output=xml' class='gcal external' rel='nofollow' aria-describedby='mc_13420-title-my-calendar'><span class='mc-icon' aria-hidden='true'><\/span>Google<\/a><\/p><\/div>\n\t\t<p class='view-full'><a href='https:\/\/www.vv-vikings.de\/?page_id=2142'>Kompletten Kalender ansehen<\/a><\/p><\/div><!--end .details--><\/article>\n<\/td>\n<td class='no-events sonntag so future-day weekend  no-events day-with-date'><div class='mc-date-container'><span class='mc-date no-events'><span aria-hidden='true'>13<\/span><span class='screen-reader-text'>13. September 2026<\/span><\/span><\/div>\n<\/td>\n<\/tr>\n<!-- End Event Row -->\n<tr class='mc-row'><td class='no-events montag mo future-day   no-events day-with-date'><div class='mc-date-container'><span class='mc-date no-events'><span aria-hidden='true'>14<\/span><span class='screen-reader-text'>14. September 2026<\/span><\/span><\/div>\n<\/td>\n<td class='no-events dienstag di future-day   no-events day-with-date'><div class='mc-date-container'><span class='mc-date no-events'><span aria-hidden='true'>15<\/span><span class='screen-reader-text'>15. September 2026<\/span><\/span><\/div>\n<\/td>\n<td id='single-2026-09-16' class='mc-events mittwoch mi future-day   has-events author1 mcat_jugend mcat_allgemein day-with-date'><div class='mc-date-container'>\n\t<span class='mc-date'><span aria-hidden='true' class='mc-day-number'>16<\/span><span class='screen-reader-text mc-day-date'>16. September 2026<\/span><span class=\"event-icon\" aria-hidden=\"true\">&#9679;&#9679;<\/span><span class=\"screen-reader-text\"><span class=\"mc-list-details event-count\">(2 Veranstaltungen)<\/span><\/span><\/span><\/div><article id='mc_single_16_8654-single-8654' class='mc-has-category-colors mc-mc_single_8654 single-event mc_jugend mc_sporthalle-ii-an-der-berliner-strae-47-berliner-strae-38159-vechelde  future-event mc_primary_jugend recurring mc-2-stunden mc-start-17-00 ungrouped mc-event-267 mc-event mc_rel_jugend mc_rel_training'><header>\t<h3 class='event-title summary'><div class='event-title-container'>Training Jugend ab 8 Jahre Fortgeschrittene<\/div><\/h3>\n<\/header><div id='mc_single_16_8654-single-details-8654' class='details no-image' >\n\n\t\r\n\t<div class='time-block'>\r\n\t\t<span class='mc-icon' aria-hidden='true'><\/span>\r\n\t\t<p><span class=\"time-wrapper\"><span class='event-time dtstart'><time class='value-title' datetime='2026-09-16T17:00:00+7200:00' title='2026-09-16T17:00:00+7200:00'>17:00<\/time><\/span> <span class='time-separator'> &ndash; <\/span> <span class='end-time dtend'> <time class='value-title' datetime='2026-09-16T18:30:00+7200:00' title='2026-09-16T18:30:00+7200:00'>18:30<\/time><\/span><\/span><br \/><span class=\"date-wrapper\"><span class='mc-start-date dtstart' title='2026-09-16T17:00:00+7200:00' content='2026-09-16T17:00:00+7200:00'>16. September 2026<\/span>  <\/span><\/p>\r\n\t<\/div>\n\t\t<div class=\"mc-location\"><div class=\"address location vcard\"><div class=\"adr h-card\"><div><strong class=\"location-label\"><span class=\"location-link org edit p-name p-org\">Sporthalle II an der Berliner Stra\u00dfe 47, Berliner Stra\u00dfe, 38159 Vechelde<\/span><\/strong><\/div><\/div><\/div><\/div>\n\t\t<div class=\"sharing\">\t<p class='ical'><a class='ical' rel='nofollow' href='https:\/\/www.vv-vikings.de\/?page_id=2142&#038;rest_route=\/wp\/v2\/pages\/354&#038;vcal=8654' aria-describedby='mc_8654-title-my-calendar'><span class='mc-icon' aria-hidden='true'><\/span>iCal<\/a><\/p>\t<p class='gcal'><a href='https:\/\/www.google.com\/calendar\/render?action=TEMPLATE&#038;dates=20260916T170000\/20260916T183000&#038;sprop=website:https:\/\/www.vv-vikings.de\/?page_id=2142&#038;mc_id=8654&#038;rest_route=\/wp\/v2\/pages\/354&#038;text=Training+Jugend+ab+8+Jahre+Fortgeschrittene&#038;location=&#038;sprop=name:Vallstedt+Vechelde+Vikings&#038;details=&#038;sf=true&#038;output=xml' class='gcal external' rel='nofollow' aria-describedby='mc_8654-title-my-calendar'><span class='mc-icon' aria-hidden='true'><\/span>Google<\/a><\/p><\/div>\n\t\t<p class='view-full'><a href='https:\/\/www.vv-vikings.de\/?page_id=2142'>Kompletten Kalender ansehen<\/a><\/p><\/div><!--end .details--><\/article><article id='mc_single_16_13424-single-13424' class='mc-has-category-colors mc-mc_single_13424 single-event mc_allgemein mc_no-location  future-event mc_primary_allgemein nonrecurring mc-3-stunden mc-start-18-00 mc-grouped mc-group-839 mc-event-839 mc-event mc_rel_allgemein mc_rel_specialevents'><header>\t<h3 class='event-title summary'><div class='event-title-container'>\u00dcbungsleiterschulung Schutz vor sexualisierter Gewalt<\/div><\/h3>\n<\/header><div id='mc_single_16_13424-single-details-13424' class='details no-image' >\n\n\t\r\n\t<div class='time-block'>\r\n\t\t<span class='mc-icon' aria-hidden='true'><\/span>\r\n\t\t<p><span class=\"time-wrapper\"><span class='event-time dtstart'><time class='value-title' datetime='2026-09-16T18:00:00+7200:00' title='2026-09-16T18:00:00+7200:00'>18:00<\/time><\/span> <span class='time-separator'> &ndash; <\/span> <span class='end-time dtend'> <time class='value-title' datetime='2026-09-16T21:00:00+7200:00' title='2026-09-16T21:00:00+7200:00'>21:00<\/time><\/span><\/span><br \/><span class=\"date-wrapper\"><span class='mc-start-date dtstart' title='2026-09-16T18:00:00+7200:00' content='2026-09-16T18:00:00+7200:00'>16. September 2026<\/span>  <\/span><\/p>\r\n\t<\/div>\n\t\t<div class='longdesc description'><p>Liebe \u00dcbungsleiterinnen,<br \/>\nLiebe \u00dcbungsleiter,<\/p>\n<p>wie bereits angek\u00fcndigt, findet im Rahmen des Beratungsprozesses \u201eAusgezeichnet\u201c des Landessportbundes (LSB) die \u00dcbungsleiterschulung zum <strong>Schutz vor sexualisierter Gewalt im Sport<\/strong> statt.<\/p>\n<p>Die Schulung ist f\u00fcr alle \u00dcbungsleiterinnen und \u00dcbungsleiter sowie Betreuerinnen und Betreuer, die Kinder und Jugendliche betreuen, <strong>verpflichtend<\/strong>. Zum Schutz aller Mitglieder des MTV Vechelde empfehlen wir die Teilnahme auch denjenigen, die ausschlie\u00dflich Erwachsene betreuen.<\/p>\n<p>Die Schulung dauert etwa drei Stunden. Pro Termin stehen maximal <strong>20 Pl\u00e4tze<\/strong> zur Verf\u00fcgung. Die Platzvergabe erfolgt in der Reihenfolge der eingegangenen Anmeldungen. <strong>Es muss nur ein Schulungstermin besucht werden.<\/strong><\/p>\n<p><strong>Folgende Termine stehen zur Auswahl:<\/strong><\/p>\n<ol>\n<li><strong>Mittwoch, 16.09.2026<\/strong>, 18:00\u201321:00 Uhr<\/li>\n<li><strong>Donnerstag, 29.10.2026<\/strong>, 17:00\u201320:00 Uhr<\/li>\n<li><strong>Donnerstag, 19.11.2026<\/strong>, 18:00\u201321:00 Uhr<\/li>\n<\/ol>\n<p>Bitte meldet euch <strong>verbindlich f\u00fcr einen der drei Termine<\/strong> \u00fcber unser Anmeldeformular an:<\/p>\n<p><strong>\ud83d\udc49 <\/strong><a href=\"https:\/\/eur01.safelinks.protection.outlook.com\/?url=https%3A%2F%2Fdocs.google.com%2Fforms%2Fd%2Fe%2F1FAIpQLSeQUDyYxyJsDskWiPXBbT87DpYhIkzVWuTMywi5qs7OapQu9Q%2Fviewform%3Fusp%3Dpublish-editor&amp;data=05%7C02%7Ckai.baumann%40siemens.com%7Cf7af1a6e99d147a5bb2908df0360126d%7C38ae3bcd95794fd4addab42e1495d55a%7C1%7C0%7C639233383373974741%7CUnknown%7CTWFpbGZsb3d8eyJFbXB0eU1hcGkiOnRydWUsIlYiOiIwLjAuMDAwMCIsIlAiOiJXaW4zMiIsIkFOIjoiTWFpbCIsIldUIjoyfQ%3D%3D%7C0%7C%7C%7C&amp;sdata=gDBRgweMTmH6MS2LGT0x8a6OL4jULWVhRY9VLoU6Qd8%3D&amp;reserved=0\"><strong>Hier geht es zur Anmeldung<\/strong><\/a><\/p>\n<p>Falls ihr an keinem der drei Termine teilnehmen k\u00f6nnt, k\u00f6nnt ihr dies ebenfalls im Formular angeben und kurz begr\u00fcnden.<\/p>\n<p>Bitte beachtet, dass pro Termin maximal 20 Pl\u00e4tze zur Verf\u00fcgung stehen und die Vergabe nach dem Eingang der Anmeldungen erfolgt.<\/p>\n<p>Die vier Lerneinheiten (LE) der Schulung k\u00f6nnen grunds\u00e4tzlich f\u00fcr die Verl\u00e4ngerung der \u00dcL-C-Lizenz, der \u00dcL-B-Lizenz \u201eSport in der Pr\u00e4vention\u201c sowie der Vereinsmanager*in-C-Lizenz angerechnet werden.<\/p>\n<p><strong>Die Anerkennung bereits absolvierter bzw. bestehender Fortbildungen wird derzeit noch durch den Vorstand gepr\u00fcft. Eine entsprechende Information folgt, sobald hierzu eine Entscheidung getroffen wurde.<\/strong><\/p>\n<p>Wir freuen uns auf eure Teilnahme und darauf, den weiteren Prozess gemeinsam mit euch zu gestalten.<\/p>\n<p>Bei Fragen k\u00f6nnt ihr euch gerne die Gesch\u00e4ftsstelle des MTV Vechelde\u00a0wenden.<\/p>\n<p>Liebe Gr\u00fc\u00dfe<br \/>\nTatjana und Ulrike<\/p>\n<\/div>\n\t\t<div class=\"sharing\">\t<p class='ical'><a class='ical' rel='nofollow' href='https:\/\/www.vv-vikings.de\/?page_id=2142&#038;rest_route=\/wp\/v2\/pages\/354&#038;vcal=13424' aria-describedby='mc_13424-title-my-calendar'><span class='mc-icon' aria-hidden='true'><\/span>iCal<\/a><\/p>\t<p class='gcal'><a href='https:\/\/www.google.com\/calendar\/render?action=TEMPLATE&#038;dates=20260916T180000\/20260916T210000&#038;sprop=website:https:\/\/www.vv-vikings.de\/?page_id=2142&#038;mc_id=13424&#038;rest_route=\/wp\/v2\/pages\/354&#038;text=%C3%9Cbungsleiterschulung+Schutz+vor+sexualisierter+Gewalt&#038;location=&#038;sprop=name:Vallstedt+Vechelde+Vikings&#038;details=Liebe+%C3%9Cbungsleiterinnen%2CLiebe+%C3%9Cbungsleiter%2Cwie+bereits+angek%C3%BCndigt%2C+findet+im+Rahmen+des+Beratungsprozesses+%E2%80%9EAusgezeichnet%E2%80%9C+des+Landessportbundes+%28LSB%29+die+%C3%9Cbungsleiterschulung+zum+Schutz+vor+sexualisierter+Gewalt+im+Sport+statt.Die+Schulung+ist+f%C3%BCr+alle+%C3%9Cbungsleiterinnen+und+%C3%9Cbungsleiter+sowie+Betreuerinnen+und+Betreuer%2C+die+Kinder+und+Jugendliche+betreuen%2C+verpflichtend.+Zum+Schutz+aller+Mitglieder+des+MTV+Vechelde+empfehlen+wir+die+Teilnahme+auch+denjenigen%2C+die+ausschlie%C3%9Flich+Erwachsene+betreuen.Die+Schulung+dauert+etwa+drei+Stunden.+Pro+Termin+stehen+maximal+20+Pl%C3%A4tze+zur+Verf%C3%BCgung.+Die+Platzvergabe+erfolgt+in+der+Reihenfolge+der+eingegangenen+Anmeldungen.+Es+muss+nur+ein+Schulungstermin+besucht+werden.Folgende+Termine+stehen+zur+Auswahl%3A+%09Mittwoch%2C+16.09.2026%2C+18%3A00%E2%80%9321%3A00+Uhr+%09Donnerstag%2C+29.10.2026%2C+17%3A00%E2%80%9320%3A00+Uhr+%09Donnerstag%2C+19.11.2026%2C+18%3A00%E2%80%9321%3A00+UhrBitte+meldet+euch+verbindlich+f%C3%BCr+einen+der+drei+Termine+%C3%BCber+unser+Anmeldeformular+an%3A%F0%9F%91%89+Hier+geht+es+zur+AnmeldungFalls+ihr+an+keinem+der+drei+Termine+teilnehmen+k%C3%B6nnt%2C+k%C3%B6nnt+ihr+dies+ebenfalls+im+Formular+angeben+und+kurz+begr%C3%BCnden.Bitte+beachtet%2C+dass+pro+Termin+maximal+20+Pl%C3%A4tze+zur+Verf%C3%BCgung+stehen+und+die+Vergabe+nach+dem+Eingang+der+Anmeldungen+erfolgt.Die+vier+Lerneinheiten+%28LE%29+der+Schulung+k%C3%B6nnen+grunds%C3%A4tzlich+f%C3%BCr+die+Verl%C3%A4ngerung+der+%C3%9CL-C-Lizenz%2C+der+%C3%9CL-B-Lizenz+%E2%80%9ESport+in+der+Pr%C3%A4vention%E2%80%9C+sowie+der+Vereinsmanager%2Ain-C-Lizenz+angerechnet+werden.Die+Anerkennung+bereits+absolvierter+bzw.+bestehender+Fortbildungen+wird+derzeit+noch+durch+den+Vorstand+gepr%C3%BCft.+Eine+entsprechende+Information+folgt%2C+sobald+hierzu+eine+Entscheidung+getroffen+wurde.Wir+freuen+uns+auf+eure+Teilnahme+und+darauf%2C+den+weiteren+Prozess+gemeinsam+mit+euch+zu+gestalten.Bei+Fragen+k%C3%B6nnt+ihr+euch+gerne+die+Gesch%C3%A4ftsstelle+des+MTV+Vechelde%C2%A0wenden.Liebe+Gr%C3%BC%C3%9FeTatjana+und+Ulrike&#038;sf=true&#038;output=xml' class='gcal external' rel='nofollow' aria-describedby='mc_13424-title-my-calendar'><span class='mc-icon' aria-hidden='true'><\/span>Google<\/a><\/p><\/div>\n\t\t<p class='view-full'><a href='https:\/\/www.vv-vikings.de\/?page_id=2142'>Kompletten Kalender ansehen<\/a><\/p><\/div><!--end .details--><\/article>\n<\/td>\n<td class='no-events donnerstag do future-day   no-events day-with-date'><div class='mc-date-container'><span class='mc-date no-events'><span aria-hidden='true'>17<\/span><span class='screen-reader-text'>17. September 2026<\/span><\/span><\/div>\n<\/td>\n<td class='no-events freitag fr future-day   no-events day-with-date'><div class='mc-date-container'><span class='mc-date no-events'><span aria-hidden='true'>18<\/span><span class='screen-reader-text'>18. September 2026<\/span><\/span><\/div>\n<\/td>\n<td id='single-2026-09-19' class='mc-events samstag sa future-day weekend  has-events author1 mcat_2-herren mcat_3-damen day-with-date'><div class='mc-date-container'>\n\t<span class='mc-date'><span aria-hidden='true' class='mc-day-number'>19<\/span><span class='screen-reader-text mc-day-date'>19. September 2026<\/span><span class=\"event-icon\" aria-hidden=\"true\">&#9679;&#9679;<\/span><span class=\"screen-reader-text\"><span class=\"mc-list-details event-count\">(2 Veranstaltungen)<\/span><\/span><\/span><\/div><article id='mc_single_19_13458-single-13458' class='mc-has-category-colors mc-mc_single_13458 single-event mc_2-herren mc_gymnasium-salzgitter-bad-sporthalle-am-eikel-22-38259-salzgitter-bad  future-event mc_primary_2-herren nonrecurring mc-2-stunden mc-start-15-00 ungrouped mc-event-872 mc-event mc_rel_2herren mc_rel_punktspiele'><header>\t<h3 class='event-title summary'><div class='event-title-container'>MTV Salzgitter vs. Vallstedt Vechelde Vikings II, 9\/19\/26, OL 2 Herren<\/div><\/h3>\n<\/header><div id='mc_single_19_13458-single-details-13458' class='details no-image' >\n\n\t\r\n\t<div class='time-block'>\r\n\t\t<span class='mc-icon' aria-hidden='true'><\/span>\r\n\t\t<p><span class=\"time-wrapper\"><span class='event-time dtstart'><time class='value-title' datetime='2026-09-19T15:00:00+7200:00' title='2026-09-19T15:00:00+7200:00'>15:00<\/time><\/span> <span class='time-separator'> &ndash; <\/span> <span class='end-time dtend'> <time class='value-title' datetime='2026-09-19T17:00:00+7200:00' title='2026-09-19T17:00:00+7200:00'>17:00<\/time><\/span><\/span><br \/><span class=\"date-wrapper\"><span class='mc-start-date dtstart' title='2026-09-19T15:00:00+7200:00' content='2026-09-19T15:00:00+7200:00'>19. September 2026<\/span>  <\/span><\/p>\r\n\t<\/div>\n\t\t<div class=\"mc-location\"><div class=\"address location vcard\"><div class=\"adr h-card\"><div><strong class=\"location-label\"><span class=\"location-link org edit p-name p-org\">Gymnasium Salzgitter-Bad (Sporthalle), Am Eikel 22, 38259 Salzgitter-Bad<\/span><\/strong><\/div><\/div><\/div><\/div>\n\t\t<div class=\"sharing\">\t<p class='ical'><a class='ical' rel='nofollow' href='https:\/\/www.vv-vikings.de\/?page_id=2142&#038;rest_route=\/wp\/v2\/pages\/354&#038;vcal=13458' aria-describedby='mc_13458-title-my-calendar'><span class='mc-icon' aria-hidden='true'><\/span>iCal<\/a><\/p>\t<p class='gcal'><a href='https:\/\/www.google.com\/calendar\/render?action=TEMPLATE&#038;dates=20260919T150000\/20260919T170000&#038;sprop=website:https:\/\/www.vv-vikings.de\/?page_id=2142&#038;mc_id=13458&#038;rest_route=\/wp\/v2\/pages\/354&#038;text=MTV+Salzgitter+vs.+Vallstedt+Vechelde+Vikings+II%2C+9%2F19%2F26%2C+OL+2+Herren&#038;location=&#038;sprop=name:Vallstedt+Vechelde+Vikings&#038;details=&#038;sf=true&#038;output=xml' class='gcal external' rel='nofollow' aria-describedby='mc_13458-title-my-calendar'><span class='mc-icon' aria-hidden='true'><\/span>Google<\/a><\/p><\/div>\n\t\t<p class='view-full'><a href='https:\/\/www.vv-vikings.de\/?page_id=2142'>Kompletten Kalender ansehen<\/a><\/p><\/div><!--end .details--><\/article><article id='mc_single_19_13428-single-13428' class='mc-has-category-colors mc-mc_single_13428 single-event mc_3-damen mc_ratsgymnasium-burgstrae-31224-peine  future-event mc_primary_3-damen nonrecurring mc-2-stunden mc-start-15-00 ungrouped mc-event-842 mc-event mc_rel_3damen mc_rel_punktspiele'><header>\t<h3 class='event-title summary'><div class='event-title-container'>MTV Stederdorf III vs. Vallstedt Vechelde Vikings III, 9\/19\/26, ROL BS S\u00fcd Damen<\/div><\/h3>\n<\/header><div id='mc_single_19_13428-single-details-13428' class='details no-image' >\n\n\t\r\n\t<div class='time-block'>\r\n\t\t<span class='mc-icon' aria-hidden='true'><\/span>\r\n\t\t<p><span class=\"time-wrapper\"><span class='event-time dtstart'><time class='value-title' datetime='2026-09-19T15:00:00+7200:00' title='2026-09-19T15:00:00+7200:00'>15:00<\/time><\/span> <span class='time-separator'> &ndash; <\/span> <span class='end-time dtend'> <time class='value-title' datetime='2026-09-19T17:00:00+7200:00' title='2026-09-19T17:00:00+7200:00'>17:00<\/time><\/span><\/span><br \/><span class=\"date-wrapper\"><span class='mc-start-date dtstart' title='2026-09-19T15:00:00+7200:00' content='2026-09-19T15:00:00+7200:00'>19. September 2026<\/span>  <\/span><\/p>\r\n\t<\/div>\n\t\t<div class=\"mc-location\"><div class=\"address location vcard\"><div class=\"adr h-card\"><div><strong class=\"location-label\"><span class=\"location-link org edit p-name p-org\">Ratsgymnasium, Burgstra\u00dfe, 31224 Peine<\/span><\/strong><\/div><\/div><\/div><\/div>\n\t\t<div class=\"sharing\">\t<p class='ical'><a class='ical' rel='nofollow' href='https:\/\/www.vv-vikings.de\/?page_id=2142&#038;rest_route=\/wp\/v2\/pages\/354&#038;vcal=13428' aria-describedby='mc_13428-title-my-calendar'><span class='mc-icon' aria-hidden='true'><\/span>iCal<\/a><\/p>\t<p class='gcal'><a href='https:\/\/www.google.com\/calendar\/render?action=TEMPLATE&#038;dates=20260919T150000\/20260919T170000&#038;sprop=website:https:\/\/www.vv-vikings.de\/?page_id=2142&#038;mc_id=13428&#038;rest_route=\/wp\/v2\/pages\/354&#038;text=MTV+Stederdorf+III+vs.+Vallstedt+Vechelde+Vikings+III%2C+9%2F19%2F26%2C+ROL+BS+S%C3%BCd+Damen&#038;location=&#038;sprop=name:Vallstedt+Vechelde+Vikings&#038;details=&#038;sf=true&#038;output=xml' class='gcal external' rel='nofollow' aria-describedby='mc_13428-title-my-calendar'><span class='mc-icon' aria-hidden='true'><\/span>Google<\/a><\/p><\/div>\n\t\t<p class='view-full'><a href='https:\/\/www.vv-vikings.de\/?page_id=2142'>Kompletten Kalender ansehen<\/a><\/p><\/div><!--end .details--><\/article>\n<\/td>\n<td id='single-2026-09-20' class='mc-events sonntag so future-day weekend  has-events author1 mcat_allgemein day-with-date'><div class='mc-date-container'>\n\t<span class='mc-date'><span aria-hidden='true' class='mc-day-number'>20<\/span><span class='screen-reader-text mc-day-date'>20. September 2026<\/span><span class=\"event-icon\" aria-hidden=\"true\">&#9679;<\/span><span class=\"screen-reader-text\"><span class=\"mc-list-details event-count\">(1 Veranstaltung)<\/span><\/span><\/span><\/div><article id='mc_single_20_13171-single-13171' class='mc-has-category-colors mc-mc_single_13171 single-event mc_allgemein mc_location-124  future-event mc_primary_allgemein nonrecurring mc-5-stunden mc-start-11-00 ungrouped mc-event-270 mc-event mc_rel_allgemein mc_rel_specialevents'><header>\t<h3 class='event-title summary'><div class='event-title-container'>17. Vechelder Gemeinde-Staffellauf am 20. September 2026<\/div><\/h3>\n<\/header><div id='mc_single_20_13171-single-details-13171' class='details no-image' >\n\n\t\r\n\t<div class='time-block'>\r\n\t\t<span class='mc-icon' aria-hidden='true'><\/span>\r\n\t\t<p><span class=\"time-wrapper\"><span class='event-time dtstart'><time class='value-title' datetime='2026-09-20T11:00:00+7200:00' title='2026-09-20T11:00:00+7200:00'>11:00<\/time><\/span> <span class='time-separator'> &ndash; <\/span> <span class='end-time dtend'> <time class='value-title' datetime='2026-09-20T16:00:00+7200:00' title='2026-09-20T16:00:00+7200:00'>16:00<\/time><\/span><\/span><br \/><span class=\"date-wrapper\"><span class='mc-start-date dtstart' title='2026-09-20T11:00:00+7200:00' content='2026-09-20T11:00:00+7200:00'>20. September 2026<\/span>  <\/span><\/p>\r\n\t<\/div>\n\t\t<div class='longdesc description'><div>Der Gemeinde-Staffellauf ist eine Veranstaltung, die sich zum Ziel gesetzt hat, m\u00f6glichst viele Einwohner der Gemeinde Vechelde zu einer gemeinschaftsf\u00f6rdernden sportlichen Aktivit\u00e4t zu ermuntern. Dabei steht keineswegs eine sportliche H\u00f6chstleistung, sondern vielmehr die Freude und der Spa\u00df an einer k\u00f6rperlichen Bet\u00e4tigung im Vordergrund. Der Staffellauf f\u00fchrt durch alle 17 Ortsteile der Gemeinde und soll sie symbolisch sportlich verbinden. Erstrebenswert ist daher eine Teilnahme von mindestens einer Mannschaft aus jedem Ortsteil.<\/div>\n<div><\/div>\n<div>Der Gemeinde-Staffellauf wurde 1993, aus Anla\u00df der 100-Jahr-Feier des MTV Vechelde, ins Leben gerufen und findet seit 1994 im zweij\u00e4hrigen Rhythmus statt. Als federf\u00fchrender Verein engagiert sich der MTV Vechelde, die Veranstaltung auf eine breite Basis zusammen mit anderen Sportvereinen zu stellen.<\/div>\n<div><\/div>\n<div>In diesem Jahr richtet der MTV Vechelde gemeinsam mit ??? den Staffellauf aus. Start und Ziel ist in Liedingen.<\/div>\n<\/div>\n\t\r\n\t<p>\r\n\t\t<a href='https:\/\/mtv-vechelde.de\/2026\/05\/18\/infos-und-streckenverlauf-fuer-den-gemeinde-staffellauf-2026' class='single-link external url' aria-describedby='mc_13171-title-my-calendar'>Weitere Informationen<\/a>\r\n\t<\/p>\n\t\t<div class=\"sharing\">\t<p class='ical'><a class='ical' rel='nofollow' href='https:\/\/www.vv-vikings.de\/?page_id=2142&#038;rest_route=\/wp\/v2\/pages\/354&#038;vcal=13171' aria-describedby='mc_13171-title-my-calendar'><span class='mc-icon' aria-hidden='true'><\/span>iCal<\/a><\/p>\t<p class='gcal'><a href='https:\/\/www.google.com\/calendar\/render?action=TEMPLATE&#038;dates=20260920T110000\/20260920T160000&#038;sprop=website:https:\/\/www.vv-vikings.de\/?page_id=2142&#038;mc_id=13171&#038;rest_route=\/wp\/v2\/pages\/354&#038;text=17.+Vechelder+Gemeinde-Staffellauf+am+20.+September+2026&#038;location=&#038;sprop=name:Vallstedt+Vechelde+Vikings&#038;details=Der+Gemeinde-Staffellauf+ist+eine+Veranstaltung%2C+die+sich+zum+Ziel+gesetzt+hat%2C+m%C3%B6glichst+viele+Einwohner+der+Gemeinde+Vechelde+zu+einer+gemeinschaftsf%C3%B6rdernden+sportlichen+Aktivit%C3%A4t+zu+ermuntern.+Dabei+steht+keineswegs+eine+sportliche+H%C3%B6chstleistung%2C+sondern+vielmehr+die+Freude+und+der+Spa%C3%9F+an+einer+k%C3%B6rperlichen+Bet%C3%A4tigung+im+Vordergrund.+Der+Staffellauf+f%C3%BChrt+durch+alle+17+Ortsteile+der+Gemeinde+und+soll+sie+symbolisch+sportlich+verbinden.+Erstrebenswert+ist+daher+eine+Teilnahme+von+mindestens+einer+Mannschaft+aus+jedem+Ortsteil.Der+Gemeinde-Staffellauf+wurde+1993%2C+aus+Anla%C3%9F+der+100-Jahr-Feier+des+MTV+Vechelde%2C+ins+Leben+gerufen+und+findet+seit+1994+im+zweij%C3%A4hrigen+Rhythmus+statt.+Als+federf%C3%BChrender+Verein+engagiert+sich+der+MTV+Vechelde%2C+die+Veranstaltung+auf+eine+breite+Basis+zusammen+mit+anderen+Sportvereinen+zu+stellen.In+diesem+Jahr+richtet+der+MTV+Vechelde+gemeinsam+mit+%3F%3F%3F+den+Staffellauf+aus.+Start+und+Ziel+ist+in+Liedingen.+https%3A%2F%2Fmtv-vechelde.de%2F2026%2F05%2F18%2Finfos-und-streckenverlauf-fuer-den-gemeinde-staffellauf-2026&#038;sf=true&#038;output=xml' class='gcal external' rel='nofollow' aria-describedby='mc_13171-title-my-calendar'><span class='mc-icon' aria-hidden='true'><\/span>Google<\/a><\/p><\/div>\n\t\t<p class='view-full'><a href='https:\/\/www.vv-vikings.de\/?page_id=2142'>Kompletten Kalender ansehen<\/a><\/p><\/div><!--end .details--><\/article>\n<\/td>\n<\/tr>\n<!-- End Event Row -->\n<tr class='mc-row'><td class='no-events montag mo future-day   no-events day-with-date'><div class='mc-date-container'><span class='mc-date no-events'><span aria-hidden='true'>21<\/span><span class='screen-reader-text'>21. September 2026<\/span><\/span><\/div>\n<\/td>\n<td id='single-2026-09-22' class='mc-events dienstag di future-day   has-events author1 mcat_allgemein day-with-date'><div class='mc-date-container'>\n\t<span class='mc-date'><span aria-hidden='true' class='mc-day-number'>22<\/span><span class='screen-reader-text mc-day-date'>22. September 2026<\/span><span class=\"event-icon\" aria-hidden=\"true\">&#9679;<\/span><span class=\"screen-reader-text\"><span class=\"mc-list-details event-count\">(1 Veranstaltung)<\/span><\/span><\/span><\/div><article id='mc_single_22_13423-single-13423' class='mc-has-category-colors mc-mc_single_13423 single-event mc_allgemein mc_no-location  future-event mc_primary_allgemein nonrecurring mc mc-start-10-00 ungrouped mc-event-838 mc-event mc_rel_allgemein mc_rel_specialevents'><header>\t<h3 class='event-title summary'><div class='event-title-container'>Einweisung in die Defibrillatoren (AED)<\/div><\/h3>\n<\/header><div id='mc_single_22_13423-single-details-13423' class='details no-image' >\n\n\t\r\n\t<div class='time-block'>\r\n\t\t<span class='mc-icon' aria-hidden='true'><\/span>\r\n\t\t<p><span class=\"time-wrapper\"><span class='event-time dtstart'><time class='value-title' datetime='2026-09-22T10:00:00+7200:00' title='2026-09-22T10:00:00+7200:00'>10:00<\/time><\/span>  <\/span><br \/><span class=\"date-wrapper\"><span class='mc-start-date dtstart' title='2026-09-22T10:00:00+7200:00' content='2026-09-22T10:00:00+7200:00'>22. September 2026<\/span>  <\/span><\/p>\r\n\t<\/div>\n\t\t<div class='longdesc description'><p>Sehr geehrte Damen und Herren,<\/p>\n<p>f\u00fcr folgende Liegenschaften wurden neue Defibrillatoren (AED) beschafft:<\/p>\n<p>-Turnsaal Wierthe<\/p>\n<p>-Sportst\u00e4tte am Bahnhof (G\u00fcterschuppen)<\/p>\n<p>-Sporthalle Vallstedt<\/p>\n<p>-Sporthalle Bodenstedt<\/p>\n<p>&nbsp;<\/p>\n<p>Am <strong>Dienstag 22.09.2026<\/strong> findet um <strong>10:00 Uhr<\/strong> eine Online-Einweisung statt. Zugangsdaten zur Teams-Besprechung bitte bei Stefan Saltzmann erfragen!<\/p>\n<p>Bitte leiten Sie die Einladung zur Teilnahme an der Online-Einweisung auch an Ihre \u00dcbungsleiterinnen und \u00dcbungsleiter weiter.<\/p>\n<p>Die Teilnahme ist optional, es wird jedoch keinen weiteren Termin geben.<\/p>\n<p>&nbsp;<\/p>\n<p>Mit freundlichen Gr\u00fc\u00dfen<\/p>\n<p>Im Auftrag<\/p>\n<p><strong><em>Sabrina Stumpe<\/em><\/strong><\/p>\n<p>Gemeinde Vechelde<\/p>\n<\/div>\n\t\t<div class=\"sharing\">\t<p class='ical'><a class='ical' rel='nofollow' href='https:\/\/www.vv-vikings.de\/?page_id=2142&#038;rest_route=\/wp\/v2\/pages\/354&#038;vcal=13423' aria-describedby='mc_13423-title-my-calendar'><span class='mc-icon' aria-hidden='true'><\/span>iCal<\/a><\/p>\t<p class='gcal'><a href='https:\/\/www.google.com\/calendar\/render?action=TEMPLATE&#038;dates=20260922T100000\/20260922T110000&#038;sprop=website:https:\/\/www.vv-vikings.de\/?page_id=2142&#038;mc_id=13423&#038;rest_route=\/wp\/v2\/pages\/354&#038;text=Einweisung+in+die+Defibrillatoren+%28AED%29&#038;location=&#038;sprop=name:Vallstedt+Vechelde+Vikings&#038;details=Sehr+geehrte+Damen+und+Herren%2Cf%C3%BCr+folgende+Liegenschaften+wurden+neue+Defibrillatoren+%28AED%29+beschafft%3A-Turnsaal+Wierthe-Sportst%C3%A4tte+am+Bahnhof+%28G%C3%BCterschuppen%29-Sporthalle+Vallstedt-Sporthalle+Bodenstedt%26nbsp%3BAm+Dienstag+22.09.2026+findet+um+10%3A00+Uhr+eine+Online-Einweisung+statt.+Zugangsdaten+zur+Teams-Besprechung+bitte+bei+Stefan+Saltzmann+erfragen%21Bitte+leiten+Sie+die+Einladung+zur+Teilnahme+an+der+Online-Einweisung+auch+an+Ihre+%C3%9Cbungsleiterinnen+und+%C3%9Cbungsleiter+weiter.Die+Teilnahme+ist+optional%2C+es+wird+jedoch+keinen+weiteren+Termin+geben.%26nbsp%3BMit+freundlichen+Gr%C3%BC%C3%9FenIm+AuftragSabrina+StumpeGemeinde+Vechelde&#038;sf=true&#038;output=xml' class='gcal external' rel='nofollow' aria-describedby='mc_13423-title-my-calendar'><span class='mc-icon' aria-hidden='true'><\/span>Google<\/a><\/p><\/div>\n\t\t<p class='view-full'><a href='https:\/\/www.vv-vikings.de\/?page_id=2142'>Kompletten Kalender ansehen<\/a><\/p><\/div><!--end .details--><\/article>\n<\/td>\n<td id='single-2026-09-23' class='mc-events mittwoch mi future-day   has-events author1 mcat_jugend day-with-date'><div class='mc-date-container'>\n\t<span class='mc-date'><span aria-hidden='true' class='mc-day-number'>23<\/span><span class='screen-reader-text mc-day-date'>23. September 2026<\/span><span class=\"event-icon\" aria-hidden=\"true\">&#9679;<\/span><span class=\"screen-reader-text\"><span class=\"mc-list-details event-count\">(1 Veranstaltung)<\/span><\/span><\/span><\/div><article id='mc_single_23_8655-single-8655' class='mc-has-category-colors mc-mc_single_8655 single-event mc_jugend mc_sporthalle-ii-an-der-berliner-strae-47-berliner-strae-38159-vechelde  future-event mc_primary_jugend recurring mc-2-stunden mc-start-17-00 ungrouped mc-event-267 mc-event mc_rel_jugend mc_rel_training'><header>\t<h3 class='event-title summary'><div class='event-title-container'>Training Jugend ab 8 Jahre Fortgeschrittene<\/div><\/h3>\n<\/header><div id='mc_single_23_8655-single-details-8655' class='details no-image' >\n\n\t\r\n\t<div class='time-block'>\r\n\t\t<span class='mc-icon' aria-hidden='true'><\/span>\r\n\t\t<p><span class=\"time-wrapper\"><span class='event-time dtstart'><time class='value-title' datetime='2026-09-23T17:00:00+7200:00' title='2026-09-23T17:00:00+7200:00'>17:00<\/time><\/span> <span class='time-separator'> &ndash; <\/span> <span class='end-time dtend'> <time class='value-title' datetime='2026-09-23T18:30:00+7200:00' title='2026-09-23T18:30:00+7200:00'>18:30<\/time><\/span><\/span><br \/><span class=\"date-wrapper\"><span class='mc-start-date dtstart' title='2026-09-23T17:00:00+7200:00' content='2026-09-23T17:00:00+7200:00'>23. September 2026<\/span>  <\/span><\/p>\r\n\t<\/div>\n\t\t<div class=\"mc-location\"><div class=\"address location vcard\"><div class=\"adr h-card\"><div><strong class=\"location-label\"><span class=\"location-link org edit p-name p-org\">Sporthalle II an der Berliner Stra\u00dfe 47, Berliner Stra\u00dfe, 38159 Vechelde<\/span><\/strong><\/div><\/div><\/div><\/div>\n\t\t<div class=\"sharing\">\t<p class='ical'><a class='ical' rel='nofollow' href='https:\/\/www.vv-vikings.de\/?page_id=2142&#038;rest_route=\/wp\/v2\/pages\/354&#038;vcal=8655' aria-describedby='mc_8655-title-my-calendar'><span class='mc-icon' aria-hidden='true'><\/span>iCal<\/a><\/p>\t<p class='gcal'><a href='https:\/\/www.google.com\/calendar\/render?action=TEMPLATE&#038;dates=20260923T170000\/20260923T183000&#038;sprop=website:https:\/\/www.vv-vikings.de\/?page_id=2142&#038;mc_id=8655&#038;rest_route=\/wp\/v2\/pages\/354&#038;text=Training+Jugend+ab+8+Jahre+Fortgeschrittene&#038;location=&#038;sprop=name:Vallstedt+Vechelde+Vikings&#038;details=&#038;sf=true&#038;output=xml' class='gcal external' rel='nofollow' aria-describedby='mc_8655-title-my-calendar'><span class='mc-icon' aria-hidden='true'><\/span>Google<\/a><\/p><\/div>\n\t\t<p class='view-full'><a href='https:\/\/www.vv-vikings.de\/?page_id=2142'>Kompletten Kalender ansehen<\/a><\/p><\/div><!--end .details--><\/article>\n<\/td>\n<td class='no-events donnerstag do future-day   no-events day-with-date'><div class='mc-date-container'><span class='mc-date no-events'><span aria-hidden='true'>24<\/span><span class='screen-reader-text'>24. September 2026<\/span><\/span><\/div>\n<\/td>\n<td class='no-events freitag fr future-day   no-events day-with-date'><div class='mc-date-container'><span class='mc-date no-events'><span aria-hidden='true'>25<\/span><span class='screen-reader-text'>25. September 2026<\/span><\/span><\/div>\n<\/td>\n<td id='single-2026-09-26' class='mc-events samstag sa future-day weekend  has-events author1 mcat_3-herren mcat_2-damen mcat_2-herren day-with-date'><div class='mc-date-container'>\n\t<span class='mc-date'><span aria-hidden='true' class='mc-day-number'>26<\/span><span class='screen-reader-text mc-day-date'>26. September 2026<\/span><span class=\"event-icon\" aria-hidden=\"true\">&#9679;&#9679;&#9679;<\/span><span class=\"screen-reader-text\"><span class=\"mc-list-details event-count\">(5 Veranstaltungen)<\/span><\/span><\/span><\/div><article id='mc_single_26_13487-single-13487' class='mc-has-category-colors mc-mc_single_13487 single-event mc_3-herren mc_gymnasium-salzgitter-bad-sporthalle-am-eikel-22-38259-salzgitter-bad  future-event mc_primary_3-herren nonrecurring mc-2-stunden mc-start-15-00 ungrouped mc-event-892 mc-event mc_rel_3herren mc_rel_punktspiele'><header>\t<h3 class='event-title summary'><div class='event-title-container'>MTV Salzgitter II vs. Vallstedt Vechelde Vikings III, 9\/26\/26, BL BS Nord\/S\u00fcd Herren<\/div><\/h3>\n<\/header><div id='mc_single_26_13487-single-details-13487' class='details no-image' >\n\n\t\r\n\t<div class='time-block'>\r\n\t\t<span class='mc-icon' aria-hidden='true'><\/span>\r\n\t\t<p><span class=\"time-wrapper\"><span class='event-time dtstart'><time class='value-title' datetime='2026-09-26T15:00:00+7200:00' title='2026-09-26T15:00:00+7200:00'>15:00<\/time><\/span> <span class='time-separator'> &ndash; <\/span> <span class='end-time dtend'> <time class='value-title' datetime='2026-09-26T17:00:00+7200:00' title='2026-09-26T17:00:00+7200:00'>17:00<\/time><\/span><\/span><br \/><span class=\"date-wrapper\"><span class='mc-start-date dtstart' title='2026-09-26T15:00:00+7200:00' content='2026-09-26T15:00:00+7200:00'>26. September 2026<\/span>  <\/span><\/p>\r\n\t<\/div>\n\t\t<div class=\"mc-location\"><div class=\"address location vcard\"><div class=\"adr h-card\"><div><strong class=\"location-label\"><span class=\"location-link org edit p-name p-org\">Gymnasium Salzgitter-Bad (Sporthalle), Am Eikel 22, 38259 Salzgitter-Bad<\/span><\/strong><\/div><\/div><\/div><\/div>\n\t\t<div class=\"sharing\">\t<p class='ical'><a class='ical' rel='nofollow' href='https:\/\/www.vv-vikings.de\/?page_id=2142&#038;rest_route=\/wp\/v2\/pages\/354&#038;vcal=13487' aria-describedby='mc_13487-title-my-calendar'><span class='mc-icon' aria-hidden='true'><\/span>iCal<\/a><\/p>\t<p class='gcal'><a href='https:\/\/www.google.com\/calendar\/render?action=TEMPLATE&#038;dates=20260926T150000\/20260926T170000&#038;sprop=website:https:\/\/www.vv-vikings.de\/?page_id=2142&#038;mc_id=13487&#038;rest_route=\/wp\/v2\/pages\/354&#038;text=MTV+Salzgitter+II+vs.+Vallstedt+Vechelde+Vikings+III%2C+9%2F26%2F26%2C+BL+BS+Nord%2FS%C3%BCd+Herren&#038;location=&#038;sprop=name:Vallstedt+Vechelde+Vikings&#038;details=&#038;sf=true&#038;output=xml' class='gcal external' rel='nofollow' aria-describedby='mc_13487-title-my-calendar'><span class='mc-icon' aria-hidden='true'><\/span>Google<\/a><\/p><\/div>\n\t\t<p class='view-full'><a href='https:\/\/www.vv-vikings.de\/?page_id=2142'>Kompletten Kalender ansehen<\/a><\/p><\/div><!--end .details--><\/article><article id='mc_single_26_13561-single-13561' class='mc-has-category-colors mc-mc_single_13561 single-event mc_2-damen mc_sporthalle-ii-an-der-berliner-strae-47-berliner-strae-38159-vechelde  future-event mc_primary_2-damen nonrecurring mc-2-stunden mc-start-15-00 ungrouped mc-event-938 mc-event mc_rel_2damen mc_rel_punktspiele'><header>\t<h3 class='event-title summary'><div class='event-title-container'>Vallstedt Vechelde Vikings II vs. MTV Gifhorn, 9\/26\/26, LL 7 Damen<\/div><\/h3>\n<\/header><div id='mc_single_26_13561-single-details-13561' class='details no-image' >\n\n\t\r\n\t<div class='time-block'>\r\n\t\t<span class='mc-icon' aria-hidden='true'><\/span>\r\n\t\t<p><span class=\"time-wrapper\"><span class='event-time dtstart'><time class='value-title' datetime='2026-09-26T15:00:00+7200:00' title='2026-09-26T15:00:00+7200:00'>15:00<\/time><\/span> <span class='time-separator'> &ndash; <\/span> <span class='end-time dtend'> <time class='value-title' datetime='2026-09-26T17:00:00+7200:00' title='2026-09-26T17:00:00+7200:00'>17:00<\/time><\/span><\/span><br \/><span class=\"date-wrapper\"><span class='mc-start-date dtstart' title='2026-09-26T15:00:00+7200:00' content='2026-09-26T15:00:00+7200:00'>26. September 2026<\/span>  <\/span><\/p>\r\n\t<\/div>\n\t\t<div class=\"mc-location\"><div class=\"address location vcard\"><div class=\"adr h-card\"><div><strong class=\"location-label\"><span class=\"location-link org edit p-name p-org\">Sporthalle II an der Berliner Stra\u00dfe 47, Berliner Stra\u00dfe, 38159 Vechelde<\/span><\/strong><\/div><\/div><\/div><\/div>\n\t\t<div class=\"sharing\">\t<p class='ical'><a class='ical' rel='nofollow' href='https:\/\/www.vv-vikings.de\/?page_id=2142&#038;rest_route=\/wp\/v2\/pages\/354&#038;vcal=13561' aria-describedby='mc_13561-title-my-calendar'><span class='mc-icon' aria-hidden='true'><\/span>iCal<\/a><\/p>\t<p class='gcal'><a href='https:\/\/www.google.com\/calendar\/render?action=TEMPLATE&#038;dates=20260926T150000\/20260926T170000&#038;sprop=website:https:\/\/www.vv-vikings.de\/?page_id=2142&#038;mc_id=13561&#038;rest_route=\/wp\/v2\/pages\/354&#038;text=Vallstedt+Vechelde+Vikings+II+vs.+MTV+Gifhorn%2C+9%2F26%2F26%2C+LL+7+Damen&#038;location=&#038;sprop=name:Vallstedt+Vechelde+Vikings&#038;details=&#038;sf=true&#038;output=xml' class='gcal external' rel='nofollow' aria-describedby='mc_13561-title-my-calendar'><span class='mc-icon' aria-hidden='true'><\/span>Google<\/a><\/p><\/div>\n\t\t<p class='view-full'><a href='https:\/\/www.vv-vikings.de\/?page_id=2142'>Kompletten Kalender ansehen<\/a><\/p><\/div><!--end .details--><\/article><article id='mc_single_26_13459-single-13459' class='mc-has-category-colors mc-mc_single_13459 single-event mc_2-herren mc_sporthalle-ii-an-der-berliner-strae-47-berliner-strae-38159-vechelde  future-event mc_primary_2-herren nonrecurring mc-2-stunden mc-start-15-00 ungrouped mc-event-873 mc-event mc_rel_2herren mc_rel_punktspiele'><header>\t<h3 class='event-title summary'><div class='event-title-container'>Vallstedt Vechelde Vikings II vs. SVG L\u00fcneburg III, 9\/26\/26, OL 2 Herren<\/div><\/h3>\n<\/header><div id='mc_single_26_13459-single-details-13459' class='details no-image' >\n\n\t\r\n\t<div class='time-block'>\r\n\t\t<span class='mc-icon' aria-hidden='true'><\/span>\r\n\t\t<p><span class=\"time-wrapper\"><span class='event-time dtstart'><time class='value-title' datetime='2026-09-26T15:00:00+7200:00' title='2026-09-26T15:00:00+7200:00'>15:00<\/time><\/span> <span class='time-separator'> &ndash; <\/span> <span class='end-time dtend'> <time class='value-title' datetime='2026-09-26T17:00:00+7200:00' title='2026-09-26T17:00:00+7200:00'>17:00<\/time><\/span><\/span><br \/><span class=\"date-wrapper\"><span class='mc-start-date dtstart' title='2026-09-26T15:00:00+7200:00' content='2026-09-26T15:00:00+7200:00'>26. September 2026<\/span>  <\/span><\/p>\r\n\t<\/div>\n\t\t<div class=\"mc-location\"><div class=\"address location vcard\"><div class=\"adr h-card\"><div><strong class=\"location-label\"><span class=\"location-link org edit p-name p-org\">Sporthalle II an der Berliner Stra\u00dfe 47, Berliner Stra\u00dfe, 38159 Vechelde<\/span><\/strong><\/div><\/div><\/div><\/div>\n\t\t<div class=\"sharing\">\t<p class='ical'><a class='ical' rel='nofollow' href='https:\/\/www.vv-vikings.de\/?page_id=2142&#038;rest_route=\/wp\/v2\/pages\/354&#038;vcal=13459' aria-describedby='mc_13459-title-my-calendar'><span class='mc-icon' aria-hidden='true'><\/span>iCal<\/a><\/p>\t<p class='gcal'><a href='https:\/\/www.google.com\/calendar\/render?action=TEMPLATE&#038;dates=20260926T150000\/20260926T170000&#038;sprop=website:https:\/\/www.vv-vikings.de\/?page_id=2142&#038;mc_id=13459&#038;rest_route=\/wp\/v2\/pages\/354&#038;text=Vallstedt+Vechelde+Vikings+II+vs.+SVG+L%C3%BCneburg+III%2C+9%2F26%2F26%2C+OL+2+Herren&#038;location=&#038;sprop=name:Vallstedt+Vechelde+Vikings&#038;details=&#038;sf=true&#038;output=xml' class='gcal external' rel='nofollow' aria-describedby='mc_13459-title-my-calendar'><span class='mc-icon' aria-hidden='true'><\/span>Google<\/a><\/p><\/div>\n\t\t<p class='view-full'><a href='https:\/\/www.vv-vikings.de\/?page_id=2142'>Kompletten Kalender ansehen<\/a><\/p><\/div><!--end .details--><\/article><article id='mc_single_26_13476-single-13476' class='mc-has-category-colors mc-mc_single_13476 single-event mc_2-herren mc_sporthalle-ii-an-der-berliner-strae-47-berliner-strae-38159-vechelde  future-event mc_primary_2-herren nonrecurring mc-2-stunden mc-start-17-00 ungrouped mc-event-874 mc-event mc_rel_2herren mc_rel_punktspiele'><header>\t<h3 class='event-title summary'><div class='event-title-container'>Vallstedt Vechelde Vikings II vs. TSV Giesen GRIZZLYS IV, 9\/26\/26, OL 2 Herren<\/div><\/h3>\n<\/header><div id='mc_single_26_13476-single-details-13476' class='details no-image' >\n\n\t\r\n\t<div class='time-block'>\r\n\t\t<span class='mc-icon' aria-hidden='true'><\/span>\r\n\t\t<p><span class=\"time-wrapper\"><span class='event-time dtstart'><time class='value-title' datetime='2026-09-26T17:00:00+7200:00' title='2026-09-26T17:00:00+7200:00'>17:00<\/time><\/span> <span class='time-separator'> &ndash; <\/span> <span class='end-time dtend'> <time class='value-title' datetime='2026-09-26T19:00:00+7200:00' title='2026-09-26T19:00:00+7200:00'>19:00<\/time><\/span><\/span><br \/><span class=\"date-wrapper\"><span class='mc-start-date dtstart' title='2026-09-26T17:00:00+7200:00' content='2026-09-26T17:00:00+7200:00'>26. September 2026<\/span>  <\/span><\/p>\r\n\t<\/div>\n\t\t<div class=\"mc-location\"><div class=\"address location vcard\"><div class=\"adr h-card\"><div><strong class=\"location-label\"><span class=\"location-link org edit p-name p-org\">Sporthalle II an der Berliner Stra\u00dfe 47, Berliner Stra\u00dfe, 38159 Vechelde<\/span><\/strong><\/div><\/div><\/div><\/div>\n\t\t<div class=\"sharing\">\t<p class='ical'><a class='ical' rel='nofollow' href='https:\/\/www.vv-vikings.de\/?page_id=2142&#038;rest_route=\/wp\/v2\/pages\/354&#038;vcal=13476' aria-describedby='mc_13476-title-my-calendar'><span class='mc-icon' aria-hidden='true'><\/span>iCal<\/a><\/p>\t<p class='gcal'><a href='https:\/\/www.google.com\/calendar\/render?action=TEMPLATE&#038;dates=20260926T170000\/20260926T190000&#038;sprop=website:https:\/\/www.vv-vikings.de\/?page_id=2142&#038;mc_id=13476&#038;rest_route=\/wp\/v2\/pages\/354&#038;text=Vallstedt+Vechelde+Vikings+II+vs.+TSV+Giesen+GRIZZLYS+IV%2C+9%2F26%2F26%2C+OL+2+Herren&#038;location=&#038;sprop=name:Vallstedt+Vechelde+Vikings&#038;details=&#038;sf=true&#038;output=xml' class='gcal external' rel='nofollow' aria-describedby='mc_13476-title-my-calendar'><span class='mc-icon' aria-hidden='true'><\/span>Google<\/a><\/p><\/div>\n\t\t<p class='view-full'><a href='https:\/\/www.vv-vikings.de\/?page_id=2142'>Kompletten Kalender ansehen<\/a><\/p><\/div><!--end .details--><\/article><article id='mc_single_26_13577-single-13577' class='mc-has-category-colors mc-mc_single_13577 single-event mc_2-damen mc_sporthalle-ii-an-der-berliner-strae-47-berliner-strae-38159-vechelde  future-event mc_primary_2-damen nonrecurring mc-2-stunden mc-start-17-00 ungrouped mc-event-939 mc-event mc_rel_2damen mc_rel_punktspiele'><header>\t<h3 class='event-title summary'><div class='event-title-container'>Vallstedt Vechelde Vikings II vs. USC Braunschweig II, 9\/26\/26, LL 7 Damen<\/div><\/h3>\n<\/header><div id='mc_single_26_13577-single-details-13577' class='details no-image' >\n\n\t\r\n\t<div class='time-block'>\r\n\t\t<span class='mc-icon' aria-hidden='true'><\/span>\r\n\t\t<p><span class=\"time-wrapper\"><span class='event-time dtstart'><time class='value-title' datetime='2026-09-26T17:00:00+7200:00' title='2026-09-26T17:00:00+7200:00'>17:00<\/time><\/span> <span class='time-separator'> &ndash; <\/span> <span class='end-time dtend'> <time class='value-title' datetime='2026-09-26T19:00:00+7200:00' title='2026-09-26T19:00:00+7200:00'>19:00<\/time><\/span><\/span><br \/><span class=\"date-wrapper\"><span class='mc-start-date dtstart' title='2026-09-26T17:00:00+7200:00' content='2026-09-26T17:00:00+7200:00'>26. September 2026<\/span>  <\/span><\/p>\r\n\t<\/div>\n\t\t<div class=\"mc-location\"><div class=\"address location vcard\"><div class=\"adr h-card\"><div><strong class=\"location-label\"><span class=\"location-link org edit p-name p-org\">Sporthalle II an der Berliner Stra\u00dfe 47, Berliner Stra\u00dfe, 38159 Vechelde<\/span><\/strong><\/div><\/div><\/div><\/div>\n\t\t<div class=\"sharing\">\t<p class='ical'><a class='ical' rel='nofollow' href='https:\/\/www.vv-vikings.de\/?page_id=2142&#038;rest_route=\/wp\/v2\/pages\/354&#038;vcal=13577' aria-describedby='mc_13577-title-my-calendar'><span class='mc-icon' aria-hidden='true'><\/span>iCal<\/a><\/p>\t<p class='gcal'><a href='https:\/\/www.google.com\/calendar\/render?action=TEMPLATE&#038;dates=20260926T170000\/20260926T190000&#038;sprop=website:https:\/\/www.vv-vikings.de\/?page_id=2142&#038;mc_id=13577&#038;rest_route=\/wp\/v2\/pages\/354&#038;text=Vallstedt+Vechelde+Vikings+II+vs.+USC+Braunschweig+II%2C+9%2F26%2F26%2C+LL+7+Damen&#038;location=&#038;sprop=name:Vallstedt+Vechelde+Vikings&#038;details=&#038;sf=true&#038;output=xml' class='gcal external' rel='nofollow' aria-describedby='mc_13577-title-my-calendar'><span class='mc-icon' aria-hidden='true'><\/span>Google<\/a><\/p><\/div>\n\t\t<p class='view-full'><a href='https:\/\/www.vv-vikings.de\/?page_id=2142'>Kompletten Kalender ansehen<\/a><\/p><\/div><!--end .details--><\/article>\n<\/td>\n<td id='single-2026-09-27' class='mc-events sonntag so future-day weekend  has-events author1 mcat_1-damen day-with-date'><div class='mc-date-container'>\n\t<span class='mc-date'><span aria-hidden='true' class='mc-day-number'>27<\/span><span class='screen-reader-text mc-day-date'>27. September 2026<\/span><span class=\"event-icon\" aria-hidden=\"true\">&#9679;<\/span><span class=\"screen-reader-text\"><span class=\"mc-list-details event-count\">(1 Veranstaltung)<\/span><\/span><\/span><\/div><article id='mc_single_27_13550-single-13550' class='mc-has-category-colors mc-mc_single_13550 single-event mc_1-damen mc_freie-waldorfschule-neue-halle-rudolf-von-bennigsen-ufer-70-30173-hannover  future-event mc_primary_1-damen nonrecurring mc-2-stunden mc-start-16-00 ungrouped mc-event-922 mc-event mc_rel_1damen mc_rel_punktspiele'><header>\t<h3 class='event-title summary'><div class='event-title-container'>GfL Hannover II vs. Vallstedt Vechelde Vikings, 9\/27\/26, VL 4 Damen<\/div><\/h3>\n<\/header><div id='mc_single_27_13550-single-details-13550' class='details no-image' >\n\n\t\r\n\t<div class='time-block'>\r\n\t\t<span class='mc-icon' aria-hidden='true'><\/span>\r\n\t\t<p><span class=\"time-wrapper\"><span class='event-time dtstart'><time class='value-title' datetime='2026-09-27T16:00:00+7200:00' title='2026-09-27T16:00:00+7200:00'>16:00<\/time><\/span> <span class='time-separator'> &ndash; <\/span> <span class='end-time dtend'> <time class='value-title' datetime='2026-09-27T18:00:00+7200:00' title='2026-09-27T18:00:00+7200:00'>18:00<\/time><\/span><\/span><br \/><span class=\"date-wrapper\"><span class='mc-start-date dtstart' title='2026-09-27T16:00:00+7200:00' content='2026-09-27T16:00:00+7200:00'>27. September 2026<\/span>  <\/span><\/p>\r\n\t<\/div>\n\t\t<div class=\"mc-location\"><div class=\"address location vcard\"><div class=\"adr h-card\"><div><strong class=\"location-label\"><span class=\"location-link org edit p-name p-org\">Freie Waldorfschule (neue Halle), Rudolf-von-Bennigsen-Ufer 70, 30173 Hannover<\/span><\/strong><\/div><\/div><\/div><\/div>\n\t\t<div class=\"sharing\">\t<p class='ical'><a class='ical' rel='nofollow' href='https:\/\/www.vv-vikings.de\/?page_id=2142&#038;rest_route=\/wp\/v2\/pages\/354&#038;vcal=13550' aria-describedby='mc_13550-title-my-calendar'><span class='mc-icon' aria-hidden='true'><\/span>iCal<\/a><\/p>\t<p class='gcal'><a href='https:\/\/www.google.com\/calendar\/render?action=TEMPLATE&#038;dates=20260927T160000\/20260927T180000&#038;sprop=website:https:\/\/www.vv-vikings.de\/?page_id=2142&#038;mc_id=13550&#038;rest_route=\/wp\/v2\/pages\/354&#038;text=GfL+Hannover+II+vs.+Vallstedt+Vechelde+Vikings%2C+9%2F27%2F26%2C+VL+4+Damen&#038;location=&#038;sprop=name:Vallstedt+Vechelde+Vikings&#038;details=&#038;sf=true&#038;output=xml' class='gcal external' rel='nofollow' aria-describedby='mc_13550-title-my-calendar'><span class='mc-icon' aria-hidden='true'><\/span>Google<\/a><\/p><\/div>\n\t\t<p class='view-full'><a href='https:\/\/www.vv-vikings.de\/?page_id=2142'>Kompletten Kalender ansehen<\/a><\/p><\/div><!--end .details--><\/article>\n<\/td>\n<\/tr>\n<!-- End Event Row -->\n<tr class='mc-row'><td class='no-events montag mo future-day   no-events day-with-date'><div class='mc-date-container'><span class='mc-date no-events'><span aria-hidden='true'>28<\/span><span class='screen-reader-text'>28. September 2026<\/span><\/span><\/div>\n<\/td>\n<td class='no-events dienstag di future-day   no-events day-with-date'><div class='mc-date-container'><span class='mc-date no-events'><span aria-hidden='true'>29<\/span><span class='screen-reader-text'>29. September 2026<\/span><\/span><\/div>\n<\/td>\n<td id='single-2026-09-30' class='mc-events mittwoch mi future-day   has-events author1 mcat_jugend day-with-date'><div class='mc-date-container'>\n\t<span class='mc-date'><span aria-hidden='true' class='mc-day-number'>30<\/span><span class='screen-reader-text mc-day-date'>30. September 2026<\/span><span class=\"event-icon\" aria-hidden=\"true\">&#9679;<\/span><span class=\"screen-reader-text\"><span class=\"mc-list-details event-count\">(1 Veranstaltung)<\/span><\/span><\/span><\/div><article id='mc_single_30_8656-single-8656' class='mc-has-category-colors mc-mc_single_8656 single-event mc_jugend mc_sporthalle-ii-an-der-berliner-strae-47-berliner-strae-38159-vechelde  future-event mc_primary_jugend recurring mc-2-stunden mc-start-17-00 ungrouped mc-event-267 mc-event mc_rel_jugend mc_rel_training'><header>\t<h3 class='event-title summary'><div class='event-title-container'>Training Jugend ab 8 Jahre Fortgeschrittene<\/div><\/h3>\n<\/header><div id='mc_single_30_8656-single-details-8656' class='details no-image' >\n\n\t\r\n\t<div class='time-block'>\r\n\t\t<span class='mc-icon' aria-hidden='true'><\/span>\r\n\t\t<p><span class=\"time-wrapper\"><span class='event-time dtstart'><time class='value-title' datetime='2026-09-30T17:00:00+7200:00' title='2026-09-30T17:00:00+7200:00'>17:00<\/time><\/span> <span class='time-separator'> &ndash; <\/span> <span class='end-time dtend'> <time class='value-title' datetime='2026-09-30T18:30:00+7200:00' title='2026-09-30T18:30:00+7200:00'>18:30<\/time><\/span><\/span><br \/><span class=\"date-wrapper\"><span class='mc-start-date dtstart' title='2026-09-30T17:00:00+7200:00' content='2026-09-30T17:00:00+7200:00'>30. September 2026<\/span>  <\/span><\/p>\r\n\t<\/div>\n\t\t<div class=\"mc-location\"><div class=\"address location vcard\"><div class=\"adr h-card\"><div><strong class=\"location-label\"><span class=\"location-link org edit p-name p-org\">Sporthalle II an der Berliner Stra\u00dfe 47, Berliner Stra\u00dfe, 38159 Vechelde<\/span><\/strong><\/div><\/div><\/div><\/div>\n\t\t<div class=\"sharing\">\t<p class='ical'><a class='ical' rel='nofollow' href='https:\/\/www.vv-vikings.de\/?page_id=2142&#038;rest_route=\/wp\/v2\/pages\/354&#038;vcal=8656' aria-describedby='mc_8656-title-my-calendar'><span class='mc-icon' aria-hidden='true'><\/span>iCal<\/a><\/p>\t<p class='gcal'><a href='https:\/\/www.google.com\/calendar\/render?action=TEMPLATE&#038;dates=20260930T170000\/20260930T183000&#038;sprop=website:https:\/\/www.vv-vikings.de\/?page_id=2142&#038;mc_id=8656&#038;rest_route=\/wp\/v2\/pages\/354&#038;text=Training+Jugend+ab+8+Jahre+Fortgeschrittene&#038;location=&#038;sprop=name:Vallstedt+Vechelde+Vikings&#038;details=&#038;sf=true&#038;output=xml' class='gcal external' rel='nofollow' aria-describedby='mc_8656-title-my-calendar'><span class='mc-icon' aria-hidden='true'><\/span>Google<\/a><\/p><\/div>\n\t\t<p class='view-full'><a href='https:\/\/www.vv-vikings.de\/?page_id=2142'>Kompletten Kalender ansehen<\/a><\/p><\/div><!--end .details--><\/article>\n<\/td>\n<td class='no-events donnerstag do future-day  nextmonth no-events day-with-date'><div class='mc-date-container'><span class='mc-date no-events'><span aria-hidden='true'>1<\/span><span class='screen-reader-text'>1. Oktober 2026<\/span><\/span><\/div>\n<\/td>\n<td class='no-events freitag fr future-day  nextmonth no-events day-with-date'><div class='mc-date-container'><span class='mc-date no-events'><span aria-hidden='true'>2<\/span><span class='screen-reader-text'>2. Oktober 2026<\/span><\/span><\/div>\n<\/td>\n<td id='single-2026-10-03' class='mc-events samstag sa future-day weekend nextmonth has-events author1 mcat_2-herren mcat_1-herren day-with-date'><div class='mc-date-container'>\n\t<span class='mc-date'><span aria-hidden='true' class='mc-day-number'>3<\/span><span class='screen-reader-text mc-day-date'>3. Oktober 2026<\/span><span class=\"event-icon\" aria-hidden=\"true\">&#9679;&#9679;<\/span><span class=\"screen-reader-text\"><span class=\"mc-list-details event-count\">(2 Veranstaltungen)<\/span><\/span><\/span><\/div><article id='mc_single_03_13477-single-13477' class='mc-has-category-colors mc-mc_single_13477 single-event mc_2-herren mc_sporthalle-giesen-emmerker-strae-6-31180-giesen  future-event mc_primary_2-herren nonrecurring mc-2-stunden mc-start-16-00 ungrouped mc-event-875 mc-event mc_rel_2herren mc_rel_punktspiele'><header>\t<h3 class='event-title summary'><div class='event-title-container'>TSV Giesen GRIZZLYS V vs. Vallstedt Vechelde Vikings II, 10\/3\/26, OL 2 Herren<\/div><\/h3>\n<\/header><div id='mc_single_03_13477-single-details-13477' class='details no-image' >\n\n\t\r\n\t<div class='time-block'>\r\n\t\t<span class='mc-icon' aria-hidden='true'><\/span>\r\n\t\t<p><span class=\"time-wrapper\"><span class='event-time dtstart'><time class='value-title' datetime='2026-10-03T16:00:00+7200:00' title='2026-10-03T16:00:00+7200:00'>16:00<\/time><\/span> <span class='time-separator'> &ndash; <\/span> <span class='end-time dtend'> <time class='value-title' datetime='2026-10-03T18:00:00+7200:00' title='2026-10-03T18:00:00+7200:00'>18:00<\/time><\/span><\/span><br \/><span class=\"date-wrapper\"><span class='mc-start-date dtstart' title='2026-10-03T16:00:00+7200:00' content='2026-10-03T16:00:00+7200:00'>3. Oktober 2026<\/span>  <\/span><\/p>\r\n\t<\/div>\n\t\t<div class=\"mc-location\"><div class=\"address location vcard\"><div class=\"adr h-card\"><div><strong class=\"location-label\"><span class=\"location-link org edit p-name p-org\">Sporthalle Giesen, Emmerker Stra\u00dfe 6, 31180 Giesen<\/span><\/strong><\/div><\/div><\/div><\/div>\n\t\t<div class=\"sharing\">\t<p class='ical'><a class='ical' rel='nofollow' href='https:\/\/www.vv-vikings.de\/?page_id=2142&#038;rest_route=\/wp\/v2\/pages\/354&#038;vcal=13477' aria-describedby='mc_13477-title-my-calendar'><span class='mc-icon' aria-hidden='true'><\/span>iCal<\/a><\/p>\t<p class='gcal'><a href='https:\/\/www.google.com\/calendar\/render?action=TEMPLATE&#038;dates=20261003T160000\/20261003T180000&#038;sprop=website:https:\/\/www.vv-vikings.de\/?page_id=2142&#038;mc_id=13477&#038;rest_route=\/wp\/v2\/pages\/354&#038;text=TSV+Giesen+GRIZZLYS+V+vs.+Vallstedt+Vechelde+Vikings+II%2C+10%2F3%2F26%2C+OL+2+Herren&#038;location=&#038;sprop=name:Vallstedt+Vechelde+Vikings&#038;details=&#038;sf=true&#038;output=xml' class='gcal external' rel='nofollow' aria-describedby='mc_13477-title-my-calendar'><span class='mc-icon' aria-hidden='true'><\/span>Google<\/a><\/p><\/div>\n\t\t<p class='view-full'><a href='https:\/\/www.vv-vikings.de\/?page_id=2142'>Kompletten Kalender ansehen<\/a><\/p><\/div><!--end .details--><\/article><article id='mc_single_03_13440-single-13440' class='mc-has-category-colors mc-mc_single_13440 single-event mc_1-herren mc_sporthalle-ii-an-der-berliner-strae-47-berliner-strae-38159-vechelde  future-event mc_primary_1-herren nonrecurring mc-2-stunden mc-start-20-00 ungrouped mc-event-854 mc-event mc_rel_1herren mc_rel_punktspiele'><header>\t<h3 class='event-title summary'><div class='event-title-container'>Vallstedt Vechelde Vikings vs. Oldenburger TB, 10\/3\/26, RL NW Herren<\/div><\/h3>\n<\/header><div id='mc_single_03_13440-single-details-13440' class='details no-image' >\n\n\t\r\n\t<div class='time-block'>\r\n\t\t<span class='mc-icon' aria-hidden='true'><\/span>\r\n\t\t<p><span class=\"time-wrapper\"><span class='event-time dtstart'><time class='value-title' datetime='2026-10-03T20:00:00+7200:00' title='2026-10-03T20:00:00+7200:00'>20:00<\/time><\/span> <span class='time-separator'> &ndash; <\/span> <span class='end-time dtend'> <time class='value-title' datetime='2026-10-03T22:00:00+7200:00' title='2026-10-03T22:00:00+7200:00'>22:00<\/time><\/span><\/span><br \/><span class=\"date-wrapper\"><span class='mc-start-date dtstart' title='2026-10-03T20:00:00+7200:00' content='2026-10-03T20:00:00+7200:00'>3. Oktober 2026<\/span>  <\/span><\/p>\r\n\t<\/div>\n\t\t<div class=\"mc-location\"><div class=\"address location vcard\"><div class=\"adr h-card\"><div><strong class=\"location-label\"><span class=\"location-link org edit p-name p-org\">Sporthalle II an der Berliner Stra\u00dfe 47, Berliner Stra\u00dfe, 38159 Vechelde<\/span><\/strong><\/div><\/div><\/div><\/div>\n\t\t<div class=\"sharing\">\t<p class='ical'><a class='ical' rel='nofollow' href='https:\/\/www.vv-vikings.de\/?page_id=2142&#038;rest_route=\/wp\/v2\/pages\/354&#038;vcal=13440' aria-describedby='mc_13440-title-my-calendar'><span class='mc-icon' aria-hidden='true'><\/span>iCal<\/a><\/p>\t<p class='gcal'><a href='https:\/\/www.google.com\/calendar\/render?action=TEMPLATE&#038;dates=20261003T200000\/20261003T220000&#038;sprop=website:https:\/\/www.vv-vikings.de\/?page_id=2142&#038;mc_id=13440&#038;rest_route=\/wp\/v2\/pages\/354&#038;text=Vallstedt+Vechelde+Vikings+vs.+Oldenburger+TB%2C+10%2F3%2F26%2C+RL+NW+Herren&#038;location=&#038;sprop=name:Vallstedt+Vechelde+Vikings&#038;details=&#038;sf=true&#038;output=xml' class='gcal external' rel='nofollow' aria-describedby='mc_13440-title-my-calendar'><span class='mc-icon' aria-hidden='true'><\/span>Google<\/a><\/p><\/div>\n\t\t<p class='view-full'><a href='https:\/\/www.vv-vikings.de\/?page_id=2142'>Kompletten Kalender ansehen<\/a><\/p><\/div><!--end .details--><\/article>\n<\/td>\n<td id='single-2026-10-04' class='mc-events sonntag so future-day weekend nextmonth has-events author1 mcat_4-herren day-with-date'><div class='mc-date-container'>\n\t<span class='mc-date'><span aria-hidden='true' class='mc-day-number'>4<\/span><span class='screen-reader-text mc-day-date'>4. Oktober 2026<\/span><span class=\"event-icon\" aria-hidden=\"true\">&#9679;<\/span><span class=\"screen-reader-text\"><span class=\"mc-list-details event-count\">(1 Veranstaltung)<\/span><\/span><\/span><\/div><article id='mc_single_04_13512-single-13512' class='mc-has-category-colors mc-mc_single_13512 single-event mc_4-herren mc_luhberghalle-zum-luhberg-31228-stederdorf  future-event mc_primary_4-herren nonrecurring mc-2-stunden mc-start-11-00 ungrouped mc-event-908 mc-event mc_rel_4herren mc_rel_punktspiele'><header>\t<h3 class='event-title summary'><div class='event-title-container'>MTV Stederdorf IV vs. Vallstedt Vechelde Vikings IV, 10\/4\/26, BK BS S\u00fcd Herren<\/div><\/h3>\n<\/header><div id='mc_single_04_13512-single-details-13512' class='details no-image' >\n\n\t\r\n\t<div class='time-block'>\r\n\t\t<span class='mc-icon' aria-hidden='true'><\/span>\r\n\t\t<p><span class=\"time-wrapper\"><span class='event-time dtstart'><time class='value-title' datetime='2026-10-04T11:00:00+7200:00' title='2026-10-04T11:00:00+7200:00'>11:00<\/time><\/span> <span class='time-separator'> &ndash; <\/span> <span class='end-time dtend'> <time class='value-title' datetime='2026-10-04T13:00:00+7200:00' title='2026-10-04T13:00:00+7200:00'>13:00<\/time><\/span><\/span><br \/><span class=\"date-wrapper\"><span class='mc-start-date dtstart' title='2026-10-04T11:00:00+7200:00' content='2026-10-04T11:00:00+7200:00'>4. Oktober 2026<\/span>  <\/span><\/p>\r\n\t<\/div>\n\t\t<div class=\"mc-location\"><div class=\"address location vcard\"><div class=\"adr h-card\"><div><strong class=\"location-label\"><span class=\"location-link org edit p-name p-org\">Luhberghalle, Zum Luhberg, 31228 Stederdorf<\/span><\/strong><\/div><\/div><\/div><\/div>\n\t\t<div class=\"sharing\">\t<p class='ical'><a class='ical' rel='nofollow' href='https:\/\/www.vv-vikings.de\/?page_id=2142&#038;rest_route=\/wp\/v2\/pages\/354&#038;vcal=13512' aria-describedby='mc_13512-title-my-calendar'><span class='mc-icon' aria-hidden='true'><\/span>iCal<\/a><\/p>\t<p class='gcal'><a href='https:\/\/www.google.com\/calendar\/render?action=TEMPLATE&#038;dates=20261004T110000\/20261004T130000&#038;sprop=website:https:\/\/www.vv-vikings.de\/?page_id=2142&#038;mc_id=13512&#038;rest_route=\/wp\/v2\/pages\/354&#038;text=MTV+Stederdorf+IV+vs.+Vallstedt+Vechelde+Vikings+IV%2C+10%2F4%2F26%2C+BK+BS+S%C3%BCd+Herren&#038;location=&#038;sprop=name:Vallstedt+Vechelde+Vikings&#038;details=&#038;sf=true&#038;output=xml' class='gcal external' rel='nofollow' aria-describedby='mc_13512-title-my-calendar'><span class='mc-icon' aria-hidden='true'><\/span>Google<\/a><\/p><\/div>\n\t\t<p class='view-full'><a href='https:\/\/www.vv-vikings.de\/?page_id=2142'>Kompletten Kalender ansehen<\/a><\/p><\/div><!--end .details--><\/article>\n<\/td>\n<\/tr>\n<!-- End Event Row -->\n\n<\/tbody>\n<\/table><\/div><!-- .mc-content -->\n<nav class=\"my-calendar-navigation\" aria-label=\"Kalender (unten)\">\n<div class=\"mc_bottomnav my-calendar-footer\"><div class=\"category-key no-icons\"><h2 class=\"maybe-hide\">Veranstaltungskategorien<\/h2>\n<ul>\n<li class=\"cat_1-damen\"><button type=\"button\" class=\"mc-navigation-button\" id=\"mc_cat_4-my-calendar\" data-href=\"https:\/\/www.vv-vikings.de\/?page_id=354&#038;mcat=4&#038;rest_route=\/wp\/v2\/pages\/354\" ><span class=\"category-color-sample no-icon\" style=\"background:#ff00ff;\"> &nbsp; <\/span><span class=\"mc-category-title\">1. Damen<\/span><\/button><\/li><li class=\"cat_1-herren\"><button type=\"button\" class=\"mc-navigation-button\" id=\"mc_cat_2-my-calendar\" data-href=\"https:\/\/www.vv-vikings.de\/?page_id=354&#038;mcat=2&#038;rest_route=\/wp\/v2\/pages\/354\" ><span class=\"category-color-sample no-icon\" style=\"background:#0000ff;\"> &nbsp; <\/span><span class=\"mc-category-title\">1. Herren<\/span><\/button><\/li><li class=\"cat_2-damen\"><button type=\"button\" class=\"mc-navigation-button\" id=\"mc_cat_5-my-calendar\" data-href=\"https:\/\/www.vv-vikings.de\/?page_id=354&#038;mcat=5&#038;rest_route=\/wp\/v2\/pages\/354\" ><span class=\"category-color-sample no-icon\" style=\"background:#9900ff;\"> &nbsp; <\/span><span class=\"mc-category-title\">2. Damen<\/span><\/button><\/li><li class=\"cat_2-herren\"><button type=\"button\" class=\"mc-navigation-button\" id=\"mc_cat_6-my-calendar\" data-href=\"https:\/\/www.vv-vikings.de\/?page_id=354&#038;mcat=6&#038;rest_route=\/wp\/v2\/pages\/354\" ><span class=\"category-color-sample no-icon\" style=\"background:#00ffff;\"> &nbsp; <\/span><span class=\"mc-category-title\">2. Herren<\/span><\/button><\/li><li class=\"cat_3-damen\"><button type=\"button\" class=\"mc-navigation-button\" id=\"mc_cat_13-my-calendar\" data-href=\"https:\/\/www.vv-vikings.de\/?page_id=354&#038;mcat=13&#038;rest_route=\/wp\/v2\/pages\/354\" ><span class=\"category-color-sample no-icon\" style=\"background:#ea4235;\"> &nbsp; <\/span><span class=\"mc-category-title\">3. Damen<\/span><\/button><\/li><li class=\"cat_3-herren\"><button type=\"button\" class=\"mc-navigation-button\" id=\"mc_cat_7-my-calendar\" data-href=\"https:\/\/www.vv-vikings.de\/?page_id=354&#038;mcat=7&#038;rest_route=\/wp\/v2\/pages\/354\" ><span class=\"category-color-sample no-icon\" style=\"background:#76a5af;\"> &nbsp; <\/span><span class=\"mc-category-title\">3. Herren<\/span><\/button><\/li><li class=\"cat_4-damen\"><button type=\"button\" class=\"mc-navigation-button\" id=\"mc_cat_14-my-calendar\" data-href=\"https:\/\/www.vv-vikings.de\/?page_id=354&#038;mcat=14&#038;rest_route=\/wp\/v2\/pages\/354\" ><span class=\"category-color-sample no-icon\" style=\"background:#7c0276;\"> &nbsp; <\/span><span class=\"mc-category-title\">4. Damen<\/span><\/button><\/li><li class=\"cat_4-herren\"><button type=\"button\" class=\"mc-navigation-button\" id=\"mc_cat_8-my-calendar\" data-href=\"https:\/\/www.vv-vikings.de\/?page_id=354&#038;mcat=8&#038;rest_route=\/wp\/v2\/pages\/354\" ><span class=\"category-color-sample no-icon\" style=\"background:#3d85c6;\"> &nbsp; <\/span><span class=\"mc-category-title\">4. Herren<\/span><\/button><\/li><li class=\"cat_allgemein\"><button type=\"button\" class=\"mc-navigation-button\" id=\"mc_cat_1-my-calendar\" data-href=\"https:\/\/www.vv-vikings.de\/?page_id=354&#038;mcat=1&#038;rest_route=\/wp\/v2\/pages\/354\" ><span class=\"category-color-sample no-icon\" style=\"background:#ffffcc;\"> &nbsp; <\/span><span class=\"mc-category-title\">Allgemein<\/span><\/button><\/li><li class=\"cat_hobby\"><button type=\"button\" class=\"mc-navigation-button\" id=\"mc_cat_11-my-calendar\" data-href=\"https:\/\/www.vv-vikings.de\/?page_id=354&#038;mcat=11&#038;rest_route=\/wp\/v2\/pages\/354\" ><span class=\"category-color-sample no-icon\" style=\"background:#00ff00;\"> &nbsp; <\/span><span class=\"mc-category-title\">Hobby<\/span><\/button><\/li><li class=\"cat_jugend\"><button type=\"button\" class=\"mc-navigation-button\" id=\"mc_cat_10-my-calendar\" data-href=\"https:\/\/www.vv-vikings.de\/?page_id=354&#038;mcat=10&#038;rest_route=\/wp\/v2\/pages\/354\" ><span class=\"category-color-sample no-icon\" style=\"background:#f6b26b;\"> &nbsp; <\/span><span class=\"mc-category-title\">Jugend<\/span><\/button><\/li><li class=\"cat_punktspiele\"><button type=\"button\" class=\"mc-navigation-button\" id=\"mc_cat_3-my-calendar\" data-href=\"https:\/\/www.vv-vikings.de\/?page_id=354&#038;mcat=3&#038;rest_route=\/wp\/v2\/pages\/354\" ><span class=\"mc-category-title\">Punktspiele<\/span><\/button><\/li><li class=\"cat_special-events\"><button type=\"button\" class=\"mc-navigation-button\" id=\"mc_cat_15-my-calendar\" data-href=\"https:\/\/www.vv-vikings.de\/?page_id=354&#038;mcat=15&#038;rest_route=\/wp\/v2\/pages\/354\" ><span class=\"category-color-sample no-icon\" style=\"background:#81d742;\"> &nbsp; <\/span><span class=\"mc-category-title\">Special Events<\/span><\/button><\/li><li class=\"cat_training\"><button type=\"button\" class=\"mc-navigation-button\" id=\"mc_cat_12-my-calendar\" data-href=\"https:\/\/www.vv-vikings.de\/?page_id=354&#038;mcat=12&#038;rest_route=\/wp\/v2\/pages\/354\" ><span class=\"mc-category-title\">Training<\/span><\/button><\/li><li class=\"cat_vvv\"><button type=\"button\" class=\"mc-navigation-button\" id=\"mc_cat_9-my-calendar\" data-href=\"https:\/\/www.vv-vikings.de\/?page_id=354&#038;mcat=9&#038;rest_route=\/wp\/v2\/pages\/354\" ><span class=\"category-color-sample no-icon\" style=\"background:#eeee22;\"> &nbsp; <\/span><span class=\"mc-category-title\">VVV<\/span><\/button><\/li><li class='all-categories'><span class='mc-active' id='mc_cat_all-my-calendar' tabindex='-1'>Alle Kategorien<\/span><\/li><\/ul><\/div><div class='mc-print'><a id='mc_print-my-calendar' href='https:\/\/www.vv-vikings.de?cid=mc-print-view&#038;dy=1&#038;href=https%3A%2F%2Fwww.vv-vikings.de%3Frest_route%3D%2Fwp%2Fv2%2Fpages%2F354&#038;month=9&#038;rest_route=\/wp\/v2\/pages\/354&#038;time=month&#038;yr=2026' rel='nofollow'><span class='mc-icon' aria-hidden='true'><\/span>Ansicht<span class=\"maybe-hide\"> ausdrucken<\/span><\/a><\/div>\r\n\t\t<div class=\"mc-search-container\">\r\n\t\t\t<form class=\"mc-search-form\" method=\"get\" action=\"https:\/\/www.vv-vikings.de?rest_route=\/wp\/v2\/pages\/354\" role=\"search\">\r\n\t\t\t\t<div class=\"mc-search\">\r\n\t\t\t\t\t<label class=\"screen-reader-text\" for=\"mc_query_search-my-calendar\">Suche Veranstaltungen<\/label>\r\n\t\t\t\t\t<input id=\"mc_query_search-my-calendar\" type=\"text\" value=\"\" name=\"mcs\" \/>\r\n\t\t\t\t\t<button class=\"mc-button\" id=\"mc_submit_search-my-calendar\"><span class=\"mc-icon\" aria-hidden=\"true\"><\/span><span class=\"screen-reader-text\">Veranstaltungen <\/span> Suchen<\/button>\r\n\t\t\t\t<\/div>\r\n\t\t\t<\/form>\r\n\t\t<\/div><div class='mc-export mc-subscribe'>\r\n\t<ul><li class='ics google'><a href='https:\/\/www.google.com\/calendar\/render?cid=webcal:\/\/www.vv-vikings.de\/?feed=my-calendar-google' rel='nofollow'><span class='mc-icon' aria-hidden='true'><\/span><span class=\"maybe-hide\">Eintragen in <\/span>Google<\/a><\/li><li class='ics ical'><a href='webcal:\/\/www.vv-vikings.de\/?feed=my-calendar-google' rel='nofollow'><span class='mc-icon' aria-hidden='true'><\/span><span class=\"maybe-hide\">Abonnieren in <\/span>iCal<\/a><\/li><\/ul>\r\n<\/div><div class='mc-export mc-download'>\r\n\t<ul><li class='ics google'><a href='https:\/\/www.google.com\/calendar\/render?cid=https:\/\/www.vv-vikings.de\/?feed=my-calendar-ics&#038;dy=1&#038;month=9&#038;nmonth=10&#038;nyr=2026&#038;rest_route=\/wp\/v2\/pages\/354&#038;time=month&#038;yr=2026' rel='nofollow'><span class='mc-icon' aria-hidden='true'><\/span><span class=\"maybe-hide\">Export zu <\/span>Google<\/a><\/li><li class='ics ical'><a href='https:\/\/www.vv-vikings.de\/?feed=my-calendar-ics&#038;dy=1&#038;month=9&#038;nmonth=10&#038;nyr=2026&#038;rest_route=\/wp\/v2\/pages\/354&#038;time=month&#038;yr=2026' rel='nofollow'><span class='mc-icon' aria-hidden='true'><\/span><span class=\"maybe-hide\">Export zu <\/span>iCal<\/a><\/li><\/ul>\r\n<\/div><button data-href=\"https:\/\/www.vv-vikings.de\" class=\"mc-navigation-button mc-clear-filters\"><span class=\"mc-icon\" aria-hidden=\"true\"><\/span>Clear Filters<\/button><\/div>\n<\/nav>\n\r\n<\/div><!-- Close Main My Calendar Wrapper -->\n","protected":false},"excerpt":{"rendered":"","protected":false},"author":1,"featured_media":0,"parent":0,"menu_order":0,"comment_status":"closed","ping_status":"closed","template":"template-with-sidebar.php","meta":{"_mc_calendar":[],"footnotes":""},"class_list":["post-354","page","type-page","status-publish","hentry"],"_links":{"self":[{"href":"https:\/\/www.vv-vikings.de\/index.php?rest_route=\/wp\/v2\/pages\/354","targetHints":{"allow":["GET"]}}],"collection":[{"href":"https:\/\/www.vv-vikings.de\/index.php?rest_route=\/wp\/v2\/pages"}],"about":[{"href":"https:\/\/www.vv-vikings.de\/index.php?rest_route=\/wp\/v2\/types\/page"}],"author":[{"embeddable":true,"href":"https:\/\/www.vv-vikings.de\/index.php?rest_route=\/wp\/v2\/users\/1"}],"replies":[{"embeddable":true,"href":"https:\/\/www.vv-vikings.de\/index.php?rest_route=%2Fwp%2Fv2%2Fcomments&post=354"}],"version-history":[{"count":12,"href":"https:\/\/www.vv-vikings.de\/index.php?rest_route=\/wp\/v2\/pages\/354\/revisions"}],"predecessor-version":[{"id":2286,"href":"https:\/\/www.vv-vikings.de\/index.php?rest_route=\/wp\/v2\/pages\/354\/revisions\/2286"}],"wp:attachment":[{"href":"https:\/\/www.vv-vikings.de\/index.php?rest_route=%2Fwp%2Fv2%2Fmedia&parent=354"}],"curies":[{"name":"wp","href":"https:\/\/api.w.org\/{rel}","templated":true}]}}